{"id":5137,"date":"2019-10-24T16:16:30","date_gmt":"2019-10-24T16:16:30","guid":{"rendered":"https:\/\/aspire.org.do\/?page_id=5137"},"modified":"2023-03-31T19:48:51","modified_gmt":"2023-03-31T19:48:51","slug":"noticias","status":"publish","type":"page","link":"https:\/\/aspire.org.do\/?page_id=5137","title":{"rendered":"noticias"},"content":{"rendered":"<h3><span style=\"color: #ffffff;\">.<\/span><\/h3>\n<h3><strong><span style=\"color: #000080;\">ASPIRE PRESENTE EN GUATEMALA<\/span><br \/>\n<\/strong><\/h3>\n<p>Marzo 2023<\/p>\n<p><strong>X Conferencia Centroamericana y del Caribe de Microfinanzas<br \/>\n<\/strong><\/p>\n<p>Con el lema principal sobre la Resiliencia y Reactivaci\u00f3n de las Finanzas Inclusivas ante la nueva realidad, se realiz\u00f3 el encuentro de pa\u00edses afiliados a REDCAMIF y REDIMIF, en Ciudad de Antigua, Guatemala.<\/p>\n<p>Durante los d\u00edas 20 al 22 de marzo, se dieron cita m\u00e1s de 80 conferencistas en el campo de las finanzas inclusivas, con foros tecnol\u00f3gicos y visitas en el campo de acci\u00f3n, compartiendo temas, tales como:<\/p>\n<p>&#8211; Transformaci\u00f3n Digital<\/p>\n<p>&#8211; Innovaci\u00f3n<\/p>\n<p>&#8211; Experiencia del Cliente<\/p>\n<p>&#8211; Migraci\u00f3n<\/p>\n<p>&#8211; Fondeo<\/p>\n<p>&#8211; Microfinanzas Verdes<\/p>\n<p><img decoding=\"async\" loading=\"lazy\" class=\"alignnone size-full wp-image-5510\" src=\"https:\/\/aspire.org.do\/wp-content\/uploads\/2023\/03\/WhatsApp-Image-2023-03-31-at-11.08.28-AM.jpeg\" alt=\"\" width=\"1204\" height=\"1600\" srcset=\"https:\/\/aspire.org.do\/wp-content\/uploads\/2023\/03\/WhatsApp-Image-2023-03-31-at-11.08.28-AM.jpeg 1204w, https:\/\/aspire.org.do\/wp-content\/uploads\/2023\/03\/WhatsApp-Image-2023-03-31-at-11.08.28-AM-226x300.jpeg 226w, https:\/\/aspire.org.do\/wp-content\/uploads\/2023\/03\/WhatsApp-Image-2023-03-31-at-11.08.28-AM-771x1024.jpeg 771w, https:\/\/aspire.org.do\/wp-content\/uploads\/2023\/03\/WhatsApp-Image-2023-03-31-at-11.08.28-AM-768x1021.jpeg 768w, https:\/\/aspire.org.do\/wp-content\/uploads\/2023\/03\/WhatsApp-Image-2023-03-31-at-11.08.28-AM-1156x1536.jpeg 1156w\" sizes=\"(max-width: 1204px) 100vw, 1204px\" \/><img decoding=\"async\" loading=\"lazy\" class=\"alignnone size-full wp-image-5513\" src=\"https:\/\/aspire.org.do\/wp-content\/uploads\/2023\/03\/WhatsApp-Image-2023-03-31-at-11.08.12-AM-1.jpeg\" alt=\"\" width=\"1600\" height=\"1204\" srcset=\"https:\/\/aspire.org.do\/wp-content\/uploads\/2023\/03\/WhatsApp-Image-2023-03-31-at-11.08.12-AM-1.jpeg 1600w, https:\/\/aspire.org.do\/wp-content\/uploads\/2023\/03\/WhatsApp-Image-2023-03-31-at-11.08.12-AM-1-300x226.jpeg 300w, https:\/\/aspire.org.do\/wp-content\/uploads\/2023\/03\/WhatsApp-Image-2023-03-31-at-11.08.12-AM-1-1024x771.jpeg 1024w, https:\/\/aspire.org.do\/wp-content\/uploads\/2023\/03\/WhatsApp-Image-2023-03-31-at-11.08.12-AM-1-768x578.jpeg 768w, https:\/\/aspire.org.do\/wp-content\/uploads\/2023\/03\/WhatsApp-Image-2023-03-31-at-11.08.12-AM-1-1536x1156.jpeg 1536w\" sizes=\"(max-width: 1600px) 100vw, 1600px\" \/><img decoding=\"async\" loading=\"lazy\" class=\"alignnone size-full wp-image-5514\" src=\"https:\/\/aspire.org.do\/wp-content\/uploads\/2023\/03\/WhatsApp-Image-2023-03-31-at-11.08.12-AM.jpeg\" alt=\"\" width=\"1600\" height=\"1204\" srcset=\"https:\/\/aspire.org.do\/wp-content\/uploads\/2023\/03\/WhatsApp-Image-2023-03-31-at-11.08.12-AM.jpeg 1600w, https:\/\/aspire.org.do\/wp-content\/uploads\/2023\/03\/WhatsApp-Image-2023-03-31-at-11.08.12-AM-300x226.jpeg 300w, https:\/\/aspire.org.do\/wp-content\/uploads\/2023\/03\/WhatsApp-Image-2023-03-31-at-11.08.12-AM-1024x771.jpeg 1024w, https:\/\/aspire.org.do\/wp-content\/uploads\/2023\/03\/WhatsApp-Image-2023-03-31-at-11.08.12-AM-768x578.jpeg 768w, https:\/\/aspire.org.do\/wp-content\/uploads\/2023\/03\/WhatsApp-Image-2023-03-31-at-11.08.12-AM-1536x1156.jpeg 1536w\" sizes=\"(max-width: 1600px) 100vw, 1600px\" \/><img decoding=\"async\" loading=\"lazy\" class=\"alignnone size-full wp-image-5512\" src=\"https:\/\/aspire.org.do\/wp-content\/uploads\/2023\/03\/WhatsApp-Image-2023-03-31-at-11.08.12-AM-2.jpeg\" alt=\"\" width=\"1600\" height=\"1204\" srcset=\"https:\/\/aspire.org.do\/wp-content\/uploads\/2023\/03\/WhatsApp-Image-2023-03-31-at-11.08.12-AM-2.jpeg 1600w, https:\/\/aspire.org.do\/wp-content\/uploads\/2023\/03\/WhatsApp-Image-2023-03-31-at-11.08.12-AM-2-300x226.jpeg 300w, https:\/\/aspire.org.do\/wp-content\/uploads\/2023\/03\/WhatsApp-Image-2023-03-31-at-11.08.12-AM-2-1024x771.jpeg 1024w, https:\/\/aspire.org.do\/wp-content\/uploads\/2023\/03\/WhatsApp-Image-2023-03-31-at-11.08.12-AM-2-768x578.jpeg 768w, https:\/\/aspire.org.do\/wp-content\/uploads\/2023\/03\/WhatsApp-Image-2023-03-31-at-11.08.12-AM-2-1536x1156.jpeg 1536w\" sizes=\"(max-width: 1600px) 100vw, 1600px\" \/><\/p>\n<h6>&#8211; &#8211; &#8211; &#8211; &#8211; &#8211; &#8211; &#8211; &#8211; &#8211; &#8211; &#8211; &#8211; &#8211; &#8211; &#8211; &#8211; &#8211; &#8211; &#8211; &#8211; &#8211; &#8211; &#8211; &#8211; &#8211; &#8211; &#8211; &#8211; &#8211; &#8211; &#8211; &#8211; &#8211; &#8211; &#8211; &#8211; &#8211; &#8211; &#8211; &#8211; &#8211; &#8211; &#8211; &#8211; &#8211;<\/h6>\n<h3><span style=\"color: #000080;\">COMUNICACI\u00d3N ASERTIVA Y DIAL\u00d3GICA<\/span><\/h3>\n<p>Escucha nuestro Programa CRECIENDO JUNTOS, y aprende a c\u00f3mo mejorar tu comunicaci\u00f3n de una manera asertiva y que tu di\u00e1logo sea excelente!!\u00a0 Conferencista invitado:\u00a0 Joaqu\u00edn Disla.<\/p>\n<p><iframe loading=\"lazy\" title=\"COMUNICACI\u00d3N ASERTIVA Y DIAL\u00d3GICA\" width=\"1150\" height=\"647\" src=\"https:\/\/www.youtube.com\/embed\/H9iJFZIVmrg?feature=oembed\" frameborder=\"0\" allow=\"accelerometer; autoplay; clipboard-write; encrypted-media; gyroscope; picture-in-picture; web-share\" allowfullscreen><\/iframe><\/p>\n<h6>&#8211; &#8211; &#8211; &#8211; &#8211; &#8211; &#8211; &#8211; &#8211; &#8211; &#8211; &#8211; &#8211; &#8211; &#8211; &#8211; &#8211; &#8211; &#8211; &#8211; &#8211; &#8211; &#8211; &#8211; &#8211; &#8211; &#8211; &#8211; &#8211; &#8211; &#8211; &#8211; &#8211; &#8211; &#8211; &#8211; &#8211; &#8211; &#8211; &#8211; &#8211; &#8211; &#8211; &#8211; &#8211; &#8211;<\/h6>\n<h3><strong><span style=\"color: #000080;\">TALLER DE EDUCACI\u00d3N SOCIAL Y FINANCIERA INFANTIL<\/span><br \/>\n<\/strong><\/h3>\n<p>Santo Domingo, Marzo 2023<\/p>\n<p><strong>Metodolog\u00eda de AFLATOUN INTERNATIONAL.<\/strong><\/p>\n<p>Se realiz\u00f3 una capacitaci\u00f3n a l\u00edderes y pastores de iglesias, para proveer herramientas de educaci\u00f3n social y financiera en las diferentes comunidades del pa\u00eds.<\/p>\n<p>Fue coordinado por el Programa ASPIRE JUVENIL.<\/p>\n<p><img decoding=\"async\" loading=\"lazy\" class=\"alignnone size-full wp-image-5506\" src=\"https:\/\/aspire.org.do\/wp-content\/uploads\/2023\/03\/WhatsApp-Image-2023-03-15-at-12.59.21-PM.jpeg\" alt=\"\" width=\"1600\" height=\"999\" srcset=\"https:\/\/aspire.org.do\/wp-content\/uploads\/2023\/03\/WhatsApp-Image-2023-03-15-at-12.59.21-PM.jpeg 1600w, https:\/\/aspire.org.do\/wp-content\/uploads\/2023\/03\/WhatsApp-Image-2023-03-15-at-12.59.21-PM-300x187.jpeg 300w, https:\/\/aspire.org.do\/wp-content\/uploads\/2023\/03\/WhatsApp-Image-2023-03-15-at-12.59.21-PM-1024x639.jpeg 1024w, https:\/\/aspire.org.do\/wp-content\/uploads\/2023\/03\/WhatsApp-Image-2023-03-15-at-12.59.21-PM-768x480.jpeg 768w, https:\/\/aspire.org.do\/wp-content\/uploads\/2023\/03\/WhatsApp-Image-2023-03-15-at-12.59.21-PM-1536x959.jpeg 1536w\" sizes=\"(max-width: 1600px) 100vw, 1600px\" \/><\/p>\n<h6>&#8211; &#8211; &#8211; &#8211; &#8211; &#8211; &#8211; &#8211; &#8211; &#8211; &#8211; &#8211; &#8211; &#8211; &#8211; &#8211; &#8211; &#8211; &#8211; &#8211; &#8211; &#8211; &#8211; &#8211; &#8211; &#8211; &#8211; &#8211; &#8211; &#8211; &#8211; &#8211; &#8211; &#8211; &#8211; &#8211; &#8211; &#8211; &#8211; &#8211; &#8211; &#8211; &#8211; &#8211; &#8211; &#8211;<\/h6>\n<h3><strong><span style=\"color: #000080;\">JORNADA DE CAPACITACI\u00d3N DE HUERTOS CASEROS PARA NI\u00d1OS<\/span><br \/>\n<\/strong><\/h3>\n<p>Santo Domingo, Marzo 2023<\/p>\n<p><strong>Promovemos finanzas verdes y sostenibles.<\/strong><\/p>\n<p>En el marco de la celebraci\u00f3n de la Semana Global del Dinero (GMW) desarrollamos iniciativas de formaci\u00f3n para ense\u00f1ar a nuestros ni\u00f1os y ni\u00f1as, pasos para la siembra, preparaci\u00f3n de compostaje, demostraciones de siembras y entregas de kit para sus huertos en casa.<\/p>\n<p><img decoding=\"async\" loading=\"lazy\" class=\"alignnone size-full wp-image-5503\" src=\"https:\/\/aspire.org.do\/wp-content\/uploads\/2023\/03\/WhatsApp-Image-2023-03-15-at-11.00.57-AM.jpeg\" alt=\"\" width=\"1600\" height=\"1600\" srcset=\"https:\/\/aspire.org.do\/wp-content\/uploads\/2023\/03\/WhatsApp-Image-2023-03-15-at-11.00.57-AM.jpeg 1600w, https:\/\/aspire.org.do\/wp-content\/uploads\/2023\/03\/WhatsApp-Image-2023-03-15-at-11.00.57-AM-300x300.jpeg 300w, https:\/\/aspire.org.do\/wp-content\/uploads\/2023\/03\/WhatsApp-Image-2023-03-15-at-11.00.57-AM-1024x1024.jpeg 1024w, https:\/\/aspire.org.do\/wp-content\/uploads\/2023\/03\/WhatsApp-Image-2023-03-15-at-11.00.57-AM-150x150.jpeg 150w, https:\/\/aspire.org.do\/wp-content\/uploads\/2023\/03\/WhatsApp-Image-2023-03-15-at-11.00.57-AM-768x768.jpeg 768w, https:\/\/aspire.org.do\/wp-content\/uploads\/2023\/03\/WhatsApp-Image-2023-03-15-at-11.00.57-AM-1536x1536.jpeg 1536w, https:\/\/aspire.org.do\/wp-content\/uploads\/2023\/03\/WhatsApp-Image-2023-03-15-at-11.00.57-AM-700x700.jpeg 700w\" sizes=\"(max-width: 1600px) 100vw, 1600px\" \/><img decoding=\"async\" loading=\"lazy\" class=\"alignnone size-full wp-image-5501\" src=\"https:\/\/aspire.org.do\/wp-content\/uploads\/2023\/03\/WhatsApp-Image-2023-03-15-at-11.01.00-AM.jpeg\" alt=\"\" width=\"896\" height=\"806\" srcset=\"https:\/\/aspire.org.do\/wp-content\/uploads\/2023\/03\/WhatsApp-Image-2023-03-15-at-11.01.00-AM.jpeg 896w, https:\/\/aspire.org.do\/wp-content\/uploads\/2023\/03\/WhatsApp-Image-2023-03-15-at-11.01.00-AM-300x270.jpeg 300w, https:\/\/aspire.org.do\/wp-content\/uploads\/2023\/03\/WhatsApp-Image-2023-03-15-at-11.01.00-AM-768x691.jpeg 768w\" sizes=\"(max-width: 896px) 100vw, 896px\" \/>\u00a0 <img decoding=\"async\" loading=\"lazy\" class=\"alignnone size-full wp-image-5504\" src=\"https:\/\/aspire.org.do\/wp-content\/uploads\/2023\/03\/WhatsApp-Image-2023-03-15-at-11.01.04-AM.jpeg\" alt=\"\" width=\"1080\" height=\"1011\" srcset=\"https:\/\/aspire.org.do\/wp-content\/uploads\/2023\/03\/WhatsApp-Image-2023-03-15-at-11.01.04-AM.jpeg 1080w, https:\/\/aspire.org.do\/wp-content\/uploads\/2023\/03\/WhatsApp-Image-2023-03-15-at-11.01.04-AM-300x281.jpeg 300w, https:\/\/aspire.org.do\/wp-content\/uploads\/2023\/03\/WhatsApp-Image-2023-03-15-at-11.01.04-AM-1024x959.jpeg 1024w, https:\/\/aspire.org.do\/wp-content\/uploads\/2023\/03\/WhatsApp-Image-2023-03-15-at-11.01.04-AM-768x719.jpeg 768w\" sizes=\"(max-width: 1080px) 100vw, 1080px\" \/> <img decoding=\"async\" loading=\"lazy\" class=\"alignnone size-full wp-image-5505\" src=\"https:\/\/aspire.org.do\/wp-content\/uploads\/2023\/03\/WhatsApp-Image-2023-03-15-at-11.01.03-AM.jpeg\" alt=\"\" width=\"1080\" height=\"812\" srcset=\"https:\/\/aspire.org.do\/wp-content\/uploads\/2023\/03\/WhatsApp-Image-2023-03-15-at-11.01.03-AM.jpeg 1080w, https:\/\/aspire.org.do\/wp-content\/uploads\/2023\/03\/WhatsApp-Image-2023-03-15-at-11.01.03-AM-300x226.jpeg 300w, https:\/\/aspire.org.do\/wp-content\/uploads\/2023\/03\/WhatsApp-Image-2023-03-15-at-11.01.03-AM-1024x770.jpeg 1024w, https:\/\/aspire.org.do\/wp-content\/uploads\/2023\/03\/WhatsApp-Image-2023-03-15-at-11.01.03-AM-768x577.jpeg 768w\" sizes=\"(max-width: 1080px) 100vw, 1080px\" \/><\/p>\n<h6>&#8211; &#8211; &#8211; &#8211; &#8211; &#8211; &#8211; &#8211; &#8211; &#8211; &#8211; &#8211; &#8211; &#8211; &#8211; &#8211; &#8211; &#8211; &#8211; &#8211; &#8211; &#8211; &#8211; &#8211; &#8211; &#8211; &#8211; &#8211; &#8211; &#8211; &#8211; &#8211; &#8211; &#8211; &#8211; &#8211; &#8211; &#8211; &#8211; &#8211; &#8211; &#8211; &#8211; &#8211; &#8211; &#8211;<\/h6>\n<h3><span style=\"color: #000080;\"><strong>GRADUACI\u00d3N DEL DIPLOMADO DE LA NI\u00d1EZ Y ADOLESCENCIA<br \/>\n<\/strong><\/span><\/h3>\n<p>Zona Norte, RD, Marzo 2023<\/p>\n<p>ASPIRE en convenio con la Universidad Nacional Evang\u00e9lica UNEV, certific\u00f3 en la modalidad presencial, a 50 pastores y maestros de ni\u00f1os y adolescentes, pertenecientes a 20 iglesias en las ciudades de Santiago y Sos\u00faa (Puerto Plata).<\/p>\n<p><img decoding=\"async\" loading=\"lazy\" class=\"alignnone wp-image-5496 size-full\" src=\"https:\/\/aspire.org.do\/wp-content\/uploads\/2023\/03\/Graduacion-Diplomado-Ninez-Oct-Dic-2022-e1678230464637.jpeg\" alt=\"\" width=\"1496\" height=\"828\" srcset=\"https:\/\/aspire.org.do\/wp-content\/uploads\/2023\/03\/Graduacion-Diplomado-Ninez-Oct-Dic-2022-e1678230464637.jpeg 1496w, https:\/\/aspire.org.do\/wp-content\/uploads\/2023\/03\/Graduacion-Diplomado-Ninez-Oct-Dic-2022-e1678230464637-300x166.jpeg 300w, https:\/\/aspire.org.do\/wp-content\/uploads\/2023\/03\/Graduacion-Diplomado-Ninez-Oct-Dic-2022-e1678230464637-1024x567.jpeg 1024w, https:\/\/aspire.org.do\/wp-content\/uploads\/2023\/03\/Graduacion-Diplomado-Ninez-Oct-Dic-2022-e1678230464637-768x425.jpeg 768w\" sizes=\"(max-width: 1496px) 100vw, 1496px\" \/><\/p>\n<p><em>Graduandos de Santiago<\/em><\/p>\n<p>&nbsp;<\/p>\n<p><img decoding=\"async\" loading=\"lazy\" class=\"alignnone wp-image-5497 size-full\" src=\"https:\/\/aspire.org.do\/wp-content\/uploads\/2023\/03\/Graduacion-Diplomado-Sosua-en-Oct-a-Dic-2022-e1678230414826.jpeg\" alt=\"\" width=\"1340\" height=\"860\" srcset=\"https:\/\/aspire.org.do\/wp-content\/uploads\/2023\/03\/Graduacion-Diplomado-Sosua-en-Oct-a-Dic-2022-e1678230414826.jpeg 1340w, https:\/\/aspire.org.do\/wp-content\/uploads\/2023\/03\/Graduacion-Diplomado-Sosua-en-Oct-a-Dic-2022-e1678230414826-300x193.jpeg 300w, https:\/\/aspire.org.do\/wp-content\/uploads\/2023\/03\/Graduacion-Diplomado-Sosua-en-Oct-a-Dic-2022-e1678230414826-1024x657.jpeg 1024w, https:\/\/aspire.org.do\/wp-content\/uploads\/2023\/03\/Graduacion-Diplomado-Sosua-en-Oct-a-Dic-2022-e1678230414826-768x493.jpeg 768w\" sizes=\"(max-width: 1340px) 100vw, 1340px\" \/><\/p>\n<p><em>Graduandos de Sos\u00faa<\/em><\/p>\n<p>El contenido de este Diplomado, que tiene una duraci\u00f3n de 3 meses, consta de:<\/p>\n<p><strong>M\u00d3DULO 1<\/strong>. Acercamiento a los Derechos de la Ni\u00f1ez\u00a0 y Tierna Protecci\u00f3n de la Ni\u00f1ez.<\/p>\n<p><strong>M\u00d3DULO 2<\/strong>. Ministrando el ciclo vital de la ni\u00f1ez y adolescencia.<\/p>\n<p><strong>M\u00d3DULO 3<\/strong>.\u00a0 Acci\u00f3n Pastoral para la ni\u00f1ez y adolescencia.<\/p>\n<p><strong>M\u00d3DULO 4<\/strong>. Metodolog\u00edas Pr\u00e1cticas, tales como:<\/p>\n<ul>\n<li>Cuidado y Atenci\u00f3n Espiritual a ni\u00f1os con traumas y a ni\u00f1os en duelo.<\/li>\n<li>C\u00f3mo ense\u00f1ar a ni\u00f1os y adolescentes que est\u00e1n en alguna situaci\u00f3n de discapacidad o necesidades especiales.<\/li>\n<li>Aplicar el Modelo Pedag\u00f3gico de la Taxonom\u00eda de Bloom, con fundamento b\u00edblico.<\/li>\n<\/ul>\n<p><strong><em>M\u00e1s informaci\u00f3n sobre nuestros Diplomados on-line 809-284-6566<\/em><\/strong><\/p>\n<h6>&#8211; &#8211; &#8211; &#8211; &#8211; &#8211; &#8211; &#8211; &#8211; &#8211; &#8211; &#8211; &#8211; &#8211; &#8211; &#8211; &#8211; &#8211; &#8211; &#8211; &#8211; &#8211; &#8211; &#8211; &#8211; &#8211; &#8211; &#8211; &#8211; &#8211; &#8211; &#8211; &#8211; &#8211; &#8211; &#8211; &#8211; &#8211; &#8211; &#8211; &#8211; &#8211; &#8211; &#8211; &#8211; &#8211;<\/h6>\n<h3><span style=\"color: #000080;\"><strong>CAPACITACI\u00d3N SOBRE EDUCACI\u00d3N SOCIAL Y FINANCIERA<br \/>\n<\/strong><\/span><\/h3>\n<p>Colombia, febrero 2023<\/p>\n<p>Un equipo de nuestra organizaci\u00f3n y varios participantes de otras naciones, ha sido entrenado en Medell\u00edn, Colombia, por AFLATOUN INTERNATIONAL.<\/p>\n<p>Nuestro deseo es alcanzar a ni\u00f1os, adolescentes y j\u00f3venes, para que sean empoderados econ\u00f3micamente y puedan transformar sus vidas, por un mundo m\u00e1s equitativo y sostenible.<\/p>\n<p>Aflatoun International es una ONG que impulsa el movimiento mundial para la Educaci\u00f3n Social y Financiera, a trav\u00e9s de una red de 345 socios y 38 gobiernos, logrando llegar anualmente a millones de ni\u00f1os, adolescentes y j\u00f3venes en 108 pa\u00edses alrededor del mundo. Para esto capacita a un gran n\u00famero de maestros, promoviendo curr\u00edculos de alta calidad que garantizan el acceso a esta educaci\u00f3n de manera inclusiva y especialmente a quienes son m\u00e1s vulnerables.<\/p>\n<p><img decoding=\"async\" loading=\"lazy\" class=\"alignnone size-full wp-image-5490\" src=\"https:\/\/aspire.org.do\/wp-content\/uploads\/2023\/02\/COLOMBIA-Aflatoun-Feb-2023.jpeg\" alt=\"\" width=\"1280\" height=\"960\" srcset=\"https:\/\/aspire.org.do\/wp-content\/uploads\/2023\/02\/COLOMBIA-Aflatoun-Feb-2023.jpeg 1280w, https:\/\/aspire.org.do\/wp-content\/uploads\/2023\/02\/COLOMBIA-Aflatoun-Feb-2023-300x225.jpeg 300w, https:\/\/aspire.org.do\/wp-content\/uploads\/2023\/02\/COLOMBIA-Aflatoun-Feb-2023-1024x768.jpeg 1024w, https:\/\/aspire.org.do\/wp-content\/uploads\/2023\/02\/COLOMBIA-Aflatoun-Feb-2023-768x576.jpeg 768w\" sizes=\"(max-width: 1280px) 100vw, 1280px\" \/><em>Foto:\u00a0 Equipo de ASPIRE junto a integrantes del Equipo de AFLATOUN INTERNATIONAL<\/em><\/p>\n<h6>&#8211; &#8211; &#8211; &#8211; &#8211; &#8211; &#8211; &#8211; &#8211; &#8211; &#8211; &#8211; &#8211; &#8211; &#8211; &#8211; &#8211; &#8211; &#8211; &#8211; &#8211; &#8211; &#8211; &#8211; &#8211; &#8211; &#8211; &#8211; &#8211; &#8211; &#8211; &#8211; &#8211; &#8211; &#8211; &#8211; &#8211; &#8211; &#8211; &#8211; &#8211; &#8211; &#8211; &#8211; &#8211; &#8211;<\/h6>\n<h3><strong><span style=\"color: #000080;\">TEMAS DE NUESTRAS CAPACITACIONES GRATUITAS\u00a0<\/span> <\/strong><\/h3>\n<p>Para este nuevo a\u00f1o 2023, a trav\u00e9s de nuestro Programa de Educaci\u00f3n Cooperativa y Financiera, estamos ofreciendo charlas virtuales y presenciales, con el prop\u00f3sito de capacitar a personas que quieran salir adelante y mejorar su salud financiera. M\u00e1s informaci\u00f3n a 809-284-6566<img decoding=\"async\" loading=\"lazy\" class=\"alignnone size-full wp-image-5484\" src=\"https:\/\/aspire.org.do\/wp-content\/uploads\/2023\/01\/CATALOGO-2023-1.jpg\" alt=\"\" width=\"2048\" height=\"1220\" srcset=\"https:\/\/aspire.org.do\/wp-content\/uploads\/2023\/01\/CATALOGO-2023-1.jpg 2048w, https:\/\/aspire.org.do\/wp-content\/uploads\/2023\/01\/CATALOGO-2023-1-300x179.jpg 300w, https:\/\/aspire.org.do\/wp-content\/uploads\/2023\/01\/CATALOGO-2023-1-1024x610.jpg 1024w, https:\/\/aspire.org.do\/wp-content\/uploads\/2023\/01\/CATALOGO-2023-1-768x458.jpg 768w, https:\/\/aspire.org.do\/wp-content\/uploads\/2023\/01\/CATALOGO-2023-1-1536x915.jpg 1536w\" sizes=\"(max-width: 2048px) 100vw, 2048px\" \/><\/p>\n<h6>&#8211; &#8211; &#8211; &#8211; &#8211; &#8211; &#8211; &#8211; &#8211; &#8211; &#8211; &#8211; &#8211; &#8211; &#8211; &#8211; &#8211; &#8211; &#8211; &#8211; &#8211; &#8211; &#8211; &#8211; &#8211; &#8211; &#8211; &#8211; &#8211; &#8211; &#8211; &#8211; &#8211; &#8211; &#8211; &#8211; &#8211; &#8211; &#8211; &#8211; &#8211; &#8211; &#8211; &#8211; &#8211; &#8211;<\/h6>\n<h3><span style=\"color: #000080;\"><strong>GRADUACI\u00d3N DE MUJERES DEL PROGRAMA ASPIRANDO JUNTAS EN PUERTO PLATA<br \/>\n<\/strong><\/span><\/h3>\n<p>Diciembre 16, 2022 &#8211; Sos\u00faa, Puerto Plata<\/p>\n<p><span style=\"color: #000000;\">Con \u00e9xito 103 mujeres finalizaron el proceso de Capacitaci\u00f3n del Programa Aspirando Juntas, en la zona norte del pa\u00eds!!<br \/>\n<\/span><\/p>\n<p><span style=\"color: #000000;\">Celebramos esta entrega de certificados, de la cual form\u00f3 parte durante el proceso de formaci\u00f3n, el Ministerio \u00abMujeres Marcadas con Prop\u00f3sito\u00bb, de Sos\u00faa.\u00a0<\/span><\/p>\n<p><span style=\"color: #000000;\">A trav\u00e9s de nuestro programa, las mujeres reciben temas tales como:<\/span><\/p>\n<ul>\n<li><span style=\"color: #000000;\">Autoestima<\/span><\/li>\n<li><span style=\"color: #000000;\">Emprendimiento<\/span><\/li>\n<li><span style=\"color: #000000;\">Importancia del Ahorro<\/span><\/li>\n<li><span style=\"color: #000000;\">C\u00f3mo salir de las deudas<\/span><\/li>\n<li><span style=\"color: #000000;\">Presupuesto o Plan de Gastos<\/span><\/li>\n<li><span style=\"color: #000000;\">Gesti\u00f3n de la Microempresa<\/span><\/li>\n<li><span style=\"color: #000000;\">Grupo de Ahorro y Cr\u00e9dito Local<\/span><\/li>\n<li><span style=\"color: #000000;\">Cambio Clim\u00e1tico<\/span><\/li>\n<li><span style=\"color: #000000;\">Salud e Higiene<\/span><\/li>\n<li><span style=\"color: #000000;\">Plan de Vida<\/span><\/li>\n<\/ul>\n<p><span style=\"color: #000000;\"><img decoding=\"async\" loading=\"lazy\" class=\"alignnone size-full wp-image-5468\" src=\"https:\/\/aspire.org.do\/wp-content\/uploads\/2022\/12\/WhatsApp-Image-2022-12-16-at-10.39.21-AM-2.jpeg\" alt=\"\" width=\"720\" height=\"480\" srcset=\"https:\/\/aspire.org.do\/wp-content\/uploads\/2022\/12\/WhatsApp-Image-2022-12-16-at-10.39.21-AM-2.jpeg 720w, https:\/\/aspire.org.do\/wp-content\/uploads\/2022\/12\/WhatsApp-Image-2022-12-16-at-10.39.21-AM-2-300x200.jpeg 300w\" sizes=\"(max-width: 720px) 100vw, 720px\" \/> <img decoding=\"async\" loading=\"lazy\" class=\"alignnone size-large wp-image-5469\" src=\"https:\/\/aspire.org.do\/wp-content\/uploads\/2022\/12\/WhatsApp-Image-2022-12-16-at-10.39.21-AM-1.jpeg\" alt=\"\" width=\"720\" height=\"480\" srcset=\"https:\/\/aspire.org.do\/wp-content\/uploads\/2022\/12\/WhatsApp-Image-2022-12-16-at-10.39.21-AM-1.jpeg 720w, https:\/\/aspire.org.do\/wp-content\/uploads\/2022\/12\/WhatsApp-Image-2022-12-16-at-10.39.21-AM-1-300x200.jpeg 300w\" sizes=\"(max-width: 720px) 100vw, 720px\" \/> <img decoding=\"async\" loading=\"lazy\" class=\"alignnone size-large wp-image-5470\" src=\"https:\/\/aspire.org.do\/wp-content\/uploads\/2022\/12\/WhatsApp-Image-2022-12-16-at-10.39.21-AM.jpeg\" alt=\"\" width=\"720\" height=\"480\" srcset=\"https:\/\/aspire.org.do\/wp-content\/uploads\/2022\/12\/WhatsApp-Image-2022-12-16-at-10.39.21-AM.jpeg 720w, https:\/\/aspire.org.do\/wp-content\/uploads\/2022\/12\/WhatsApp-Image-2022-12-16-at-10.39.21-AM-300x200.jpeg 300w\" sizes=\"(max-width: 720px) 100vw, 720px\" \/> <img decoding=\"async\" loading=\"lazy\" class=\"alignnone size-large wp-image-5471\" src=\"https:\/\/aspire.org.do\/wp-content\/uploads\/2022\/12\/WhatsApp-Image-2022-12-16-at-10.39.20-AM.jpeg\" alt=\"\" width=\"720\" height=\"480\" srcset=\"https:\/\/aspire.org.do\/wp-content\/uploads\/2022\/12\/WhatsApp-Image-2022-12-16-at-10.39.20-AM.jpeg 720w, https:\/\/aspire.org.do\/wp-content\/uploads\/2022\/12\/WhatsApp-Image-2022-12-16-at-10.39.20-AM-300x200.jpeg 300w\" sizes=\"(max-width: 720px) 100vw, 720px\" \/><\/span><\/p>\n<h6>&#8211; &#8211; &#8211; &#8211; &#8211; &#8211; &#8211; &#8211; &#8211; &#8211; &#8211; &#8211; &#8211; &#8211; &#8211; &#8211; &#8211; &#8211; &#8211; &#8211; &#8211; &#8211; &#8211; &#8211; &#8211; &#8211; &#8211; &#8211; &#8211; &#8211; &#8211; &#8211; &#8211; &#8211; &#8211; &#8211; &#8211; &#8211; &#8211; &#8211; &#8211; &#8211; &#8211; &#8211; &#8211; &#8211;<\/h6>\n<h3><span style=\"color: #000080;\"><strong>ASPIRE DANDO RESPUESTA A NUESTRAS COMUNIDADES VINCULADAS<br \/>\n<\/strong><\/span><\/h3>\n<p>Diciembre 15, 2022 &#8211; Santo Domingo<\/p>\n<p><span style=\"color: #000000;\">Debido a las fuertes lluvias que afectaron a Santo Domingo el mes pasado, realizamos varias ayudas a mujeres vinculadas a nuestro programa ASPIRANDO JUNTAS,\u00a0 que fueron fuertemente afectadas y perdieron gran parte de sus ajuares por las lluvias.\u00a0 En nuestras donaciones, hemos llevado bendici\u00f3n a familias en el sector de Valiente y Los Girasoles.\u00a0<\/span><\/p>\n<p><span style=\"color: #000000;\">De igual manera, hemos realizado una apreciada labor para adecuar el espacio de un negocio y la pintura de una casa, ambos pertenecientes a nuestras beneficiarias del programa.<\/span><\/p>\n<p><img decoding=\"async\" loading=\"lazy\" class=\"alignnone size-large wp-image-5459\" src=\"https:\/\/aspire.org.do\/wp-content\/uploads\/2022\/12\/WhatsApp-Image-2022-12-15-at-11.13.05-AM-771x1024.jpeg\" alt=\"\" width=\"771\" height=\"1024\" srcset=\"https:\/\/aspire.org.do\/wp-content\/uploads\/2022\/12\/WhatsApp-Image-2022-12-15-at-11.13.05-AM-771x1024.jpeg 771w, https:\/\/aspire.org.do\/wp-content\/uploads\/2022\/12\/WhatsApp-Image-2022-12-15-at-11.13.05-AM-226x300.jpeg 226w, https:\/\/aspire.org.do\/wp-content\/uploads\/2022\/12\/WhatsApp-Image-2022-12-15-at-11.13.05-AM-768x1021.jpeg 768w, https:\/\/aspire.org.do\/wp-content\/uploads\/2022\/12\/WhatsApp-Image-2022-12-15-at-11.13.05-AM-1156x1536.jpeg 1156w, https:\/\/aspire.org.do\/wp-content\/uploads\/2022\/12\/WhatsApp-Image-2022-12-15-at-11.13.05-AM.jpeg 1204w\" sizes=\"(max-width: 771px) 100vw, 771px\" \/><img decoding=\"async\" loading=\"lazy\" class=\"alignnone size-large wp-image-5458\" src=\"https:\/\/aspire.org.do\/wp-content\/uploads\/2022\/12\/WhatsApp-Image-2022-12-15-at-10.08.43-AM-768x1024.jpeg\" alt=\"\" width=\"768\" height=\"1024\" srcset=\"https:\/\/aspire.org.do\/wp-content\/uploads\/2022\/12\/WhatsApp-Image-2022-12-15-at-10.08.43-AM-768x1024.jpeg 768w, https:\/\/aspire.org.do\/wp-content\/uploads\/2022\/12\/WhatsApp-Image-2022-12-15-at-10.08.43-AM-225x300.jpeg 225w, https:\/\/aspire.org.do\/wp-content\/uploads\/2022\/12\/WhatsApp-Image-2022-12-15-at-10.08.43-AM-1152x1536.jpeg 1152w, https:\/\/aspire.org.do\/wp-content\/uploads\/2022\/12\/WhatsApp-Image-2022-12-15-at-10.08.43-AM.jpeg 1200w\" sizes=\"(max-width: 768px) 100vw, 768px\" \/> <img decoding=\"async\" loading=\"lazy\" class=\"alignnone size-large wp-image-5460\" src=\"https:\/\/aspire.org.do\/wp-content\/uploads\/2022\/12\/WhatsApp-Image-2022-12-15-at-11.33.53-AM-1024x768.jpeg\" alt=\"\" width=\"1024\" height=\"768\" srcset=\"https:\/\/aspire.org.do\/wp-content\/uploads\/2022\/12\/WhatsApp-Image-2022-12-15-at-11.33.53-AM-1024x768.jpeg 1024w, https:\/\/aspire.org.do\/wp-content\/uploads\/2022\/12\/WhatsApp-Image-2022-12-15-at-11.33.53-AM-300x225.jpeg 300w, https:\/\/aspire.org.do\/wp-content\/uploads\/2022\/12\/WhatsApp-Image-2022-12-15-at-11.33.53-AM-768x576.jpeg 768w, https:\/\/aspire.org.do\/wp-content\/uploads\/2022\/12\/WhatsApp-Image-2022-12-15-at-11.33.53-AM-1536x1152.jpeg 1536w, https:\/\/aspire.org.do\/wp-content\/uploads\/2022\/12\/WhatsApp-Image-2022-12-15-at-11.33.53-AM.jpeg 1600w\" sizes=\"(max-width: 1024px) 100vw, 1024px\" \/><\/p>\n<p>&nbsp;<\/p>\n<h6>&#8211; &#8211; &#8211; &#8211; &#8211; &#8211; &#8211; &#8211; &#8211; &#8211; &#8211; &#8211; &#8211; &#8211; &#8211; &#8211; &#8211; &#8211; &#8211; &#8211; &#8211; &#8211; &#8211; &#8211; &#8211; &#8211; &#8211; &#8211; &#8211; &#8211; &#8211; &#8211; &#8211; &#8211; &#8211; &#8211; &#8211; &#8211; &#8211; &#8211; &#8211; &#8211; &#8211; &#8211; &#8211; &#8211;<\/h6>\n<h3><span style=\"color: #000080;\"><strong>ASPIRE REALIZA VALIOSA JORNADA DE SIEMBRA DE \u00c1RBOLES FRUTALES<br \/>\n<\/strong><\/span><\/h3>\n<p>Diciembre 12, 2022 &#8211; Santo Domingo<\/p>\n<p><span style=\"color: #000000;\">Colaboradores de ASPIRE ONG, la se\u00f1ora Nelly Ulerio como representante de nuestra Junta Directiva, junto a hombres y mujeres voluntarios del <strong>Sector de Cojobal y del Sector de Piragua<\/strong> unieron esfuerzos para realizar una importante <strong>jornada de siembra de 300 \u00e1rboles frutales.<\/strong><\/span><\/p>\n<p><span style=\"color: #000000;\">Esta iniciativa surge de nuestro <strong>Programa ASPIRANDO JUNTAS<\/strong>, mediante el cual ASPIRE logra trabajar en beneficio de la transformaci\u00f3n social de nuestras comunidades, la conservaci\u00f3n del ecosistema de nuestra regi\u00f3n, y fomentar una cultura de sostenibilidad y cuidado medioambiental, como estrategias para mantener los recursos que son esenciales para la vida.\u00a0 <\/span><\/p>\n<p><span style=\"color: #000000;\">Damos gracias a Dios, a las comunidades de Cojobal y Piragua, a las mujeres vinculadas a nuestro Programa Aspirando Juntas y a todos los que participaron, en la realizaci\u00f3n de esta actividad para el cuidado de nuestra tierra!!<br \/>\n<\/span><\/p>\n<p>Grupo colaborador en Cojobal:<\/p>\n<p><img decoding=\"async\" loading=\"lazy\" class=\"alignnone size-large wp-image-5442\" src=\"https:\/\/aspire.org.do\/wp-content\/uploads\/2022\/12\/WhatsApp-Image-2022-12-12-at-3.01.31-PM-1024x650.jpeg\" alt=\"\" width=\"1024\" height=\"650\" srcset=\"https:\/\/aspire.org.do\/wp-content\/uploads\/2022\/12\/WhatsApp-Image-2022-12-12-at-3.01.31-PM-1024x650.jpeg 1024w, https:\/\/aspire.org.do\/wp-content\/uploads\/2022\/12\/WhatsApp-Image-2022-12-12-at-3.01.31-PM-300x191.jpeg 300w, https:\/\/aspire.org.do\/wp-content\/uploads\/2022\/12\/WhatsApp-Image-2022-12-12-at-3.01.31-PM-768x488.jpeg 768w, https:\/\/aspire.org.do\/wp-content\/uploads\/2022\/12\/WhatsApp-Image-2022-12-12-at-3.01.31-PM.jpeg 1280w\" sizes=\"(max-width: 1024px) 100vw, 1024px\" \/> <img decoding=\"async\" loading=\"lazy\" class=\"alignnone size-large wp-image-5441\" src=\"https:\/\/aspire.org.do\/wp-content\/uploads\/2022\/12\/WhatsApp-Image-2022-12-12-at-3.01.33-PM-e1670947244930-682x1024.jpeg\" alt=\"\" width=\"682\" height=\"1024\" srcset=\"https:\/\/aspire.org.do\/wp-content\/uploads\/2022\/12\/WhatsApp-Image-2022-12-12-at-3.01.33-PM-e1670947244930-682x1024.jpeg 682w, https:\/\/aspire.org.do\/wp-content\/uploads\/2022\/12\/WhatsApp-Image-2022-12-12-at-3.01.33-PM-e1670947244930-200x300.jpeg 200w, https:\/\/aspire.org.do\/wp-content\/uploads\/2022\/12\/WhatsApp-Image-2022-12-12-at-3.01.33-PM-e1670947244930-768x1152.jpeg 768w, https:\/\/aspire.org.do\/wp-content\/uploads\/2022\/12\/WhatsApp-Image-2022-12-12-at-3.01.33-PM-e1670947244930.jpeg 853w\" sizes=\"(max-width: 682px) 100vw, 682px\" \/> <img decoding=\"async\" loading=\"lazy\" class=\"alignnone size-large wp-image-5440\" src=\"https:\/\/aspire.org.do\/wp-content\/uploads\/2022\/12\/WhatsApp-Image-2022-12-12-at-3.01.34-PM-682x1024.jpeg\" alt=\"\" width=\"682\" height=\"1024\" srcset=\"https:\/\/aspire.org.do\/wp-content\/uploads\/2022\/12\/WhatsApp-Image-2022-12-12-at-3.01.34-PM-682x1024.jpeg 682w, https:\/\/aspire.org.do\/wp-content\/uploads\/2022\/12\/WhatsApp-Image-2022-12-12-at-3.01.34-PM-200x300.jpeg 200w, https:\/\/aspire.org.do\/wp-content\/uploads\/2022\/12\/WhatsApp-Image-2022-12-12-at-3.01.34-PM-768x1152.jpeg 768w, https:\/\/aspire.org.do\/wp-content\/uploads\/2022\/12\/WhatsApp-Image-2022-12-12-at-3.01.34-PM.jpeg 853w\" sizes=\"(max-width: 682px) 100vw, 682px\" \/> <img decoding=\"async\" loading=\"lazy\" class=\"alignnone size-large wp-image-5439\" src=\"https:\/\/aspire.org.do\/wp-content\/uploads\/2022\/12\/WhatsApp-Image-2022-12-12-at-3.01.35-PM-682x1024.jpeg\" alt=\"\" width=\"682\" height=\"1024\" srcset=\"https:\/\/aspire.org.do\/wp-content\/uploads\/2022\/12\/WhatsApp-Image-2022-12-12-at-3.01.35-PM-682x1024.jpeg 682w, https:\/\/aspire.org.do\/wp-content\/uploads\/2022\/12\/WhatsApp-Image-2022-12-12-at-3.01.35-PM-200x300.jpeg 200w, https:\/\/aspire.org.do\/wp-content\/uploads\/2022\/12\/WhatsApp-Image-2022-12-12-at-3.01.35-PM-768x1152.jpeg 768w, https:\/\/aspire.org.do\/wp-content\/uploads\/2022\/12\/WhatsApp-Image-2022-12-12-at-3.01.35-PM.jpeg 853w\" sizes=\"(max-width: 682px) 100vw, 682px\" \/><\/p>\n<p><img decoding=\"async\" loading=\"lazy\" class=\"alignnone size-full wp-image-5446\" src=\"https:\/\/aspire.org.do\/wp-content\/uploads\/2022\/12\/SIEMBRA-1.jpg\" alt=\"\" width=\"315\" height=\"441\" srcset=\"https:\/\/aspire.org.do\/wp-content\/uploads\/2022\/12\/SIEMBRA-1.jpg 315w, https:\/\/aspire.org.do\/wp-content\/uploads\/2022\/12\/SIEMBRA-1-214x300.jpg 214w\" sizes=\"(max-width: 315px) 100vw, 315px\" \/> <img decoding=\"async\" loading=\"lazy\" class=\"alignnone size-large wp-image-5445\" src=\"https:\/\/aspire.org.do\/wp-content\/uploads\/2022\/12\/WhatsApp-Image-2022-12-12-at-10.46.39-AM-1024x576.jpeg\" alt=\"\" width=\"1024\" height=\"576\" srcset=\"https:\/\/aspire.org.do\/wp-content\/uploads\/2022\/12\/WhatsApp-Image-2022-12-12-at-10.46.39-AM-1024x576.jpeg 1024w, https:\/\/aspire.org.do\/wp-content\/uploads\/2022\/12\/WhatsApp-Image-2022-12-12-at-10.46.39-AM-300x169.jpeg 300w, https:\/\/aspire.org.do\/wp-content\/uploads\/2022\/12\/WhatsApp-Image-2022-12-12-at-10.46.39-AM-768x432.jpeg 768w, https:\/\/aspire.org.do\/wp-content\/uploads\/2022\/12\/WhatsApp-Image-2022-12-12-at-10.46.39-AM-1536x864.jpeg 1536w, https:\/\/aspire.org.do\/wp-content\/uploads\/2022\/12\/WhatsApp-Image-2022-12-12-at-10.46.39-AM.jpeg 1599w\" sizes=\"(max-width: 1024px) 100vw, 1024px\" \/><\/p>\n<p>Grupo colaborador en Piragua:<\/p>\n<p><img decoding=\"async\" loading=\"lazy\" class=\"alignnone size-large wp-image-5465\" src=\"https:\/\/aspire.org.do\/wp-content\/uploads\/2022\/12\/WhatsApp-Image-2022-12-13-at-6.19.58-PM-1024x768.jpeg\" alt=\"\" width=\"1024\" height=\"768\" srcset=\"https:\/\/aspire.org.do\/wp-content\/uploads\/2022\/12\/WhatsApp-Image-2022-12-13-at-6.19.58-PM-1024x768.jpeg 1024w, https:\/\/aspire.org.do\/wp-content\/uploads\/2022\/12\/WhatsApp-Image-2022-12-13-at-6.19.58-PM-300x225.jpeg 300w, https:\/\/aspire.org.do\/wp-content\/uploads\/2022\/12\/WhatsApp-Image-2022-12-13-at-6.19.58-PM-768x576.jpeg 768w, https:\/\/aspire.org.do\/wp-content\/uploads\/2022\/12\/WhatsApp-Image-2022-12-13-at-6.19.58-PM-1536x1152.jpeg 1536w, https:\/\/aspire.org.do\/wp-content\/uploads\/2022\/12\/WhatsApp-Image-2022-12-13-at-6.19.58-PM.jpeg 1600w\" sizes=\"(max-width: 1024px) 100vw, 1024px\" \/> <img decoding=\"async\" loading=\"lazy\" class=\"alignnone size-large wp-image-5466\" src=\"https:\/\/aspire.org.do\/wp-content\/uploads\/2022\/12\/WhatsApp-Image-2022-12-13-at-6.19.53-PM-768x1024.jpeg\" alt=\"\" width=\"768\" height=\"1024\" srcset=\"https:\/\/aspire.org.do\/wp-content\/uploads\/2022\/12\/WhatsApp-Image-2022-12-13-at-6.19.53-PM-768x1024.jpeg 768w, https:\/\/aspire.org.do\/wp-content\/uploads\/2022\/12\/WhatsApp-Image-2022-12-13-at-6.19.53-PM-225x300.jpeg 225w, https:\/\/aspire.org.do\/wp-content\/uploads\/2022\/12\/WhatsApp-Image-2022-12-13-at-6.19.53-PM-1152x1536.jpeg 1152w, https:\/\/aspire.org.do\/wp-content\/uploads\/2022\/12\/WhatsApp-Image-2022-12-13-at-6.19.53-PM.jpeg 1200w\" sizes=\"(max-width: 768px) 100vw, 768px\" \/> <img decoding=\"async\" loading=\"lazy\" class=\"alignnone size-large wp-image-5467\" src=\"https:\/\/aspire.org.do\/wp-content\/uploads\/2022\/12\/WhatsApp-Image-2022-12-13-at-6.19.52-PM-768x1024.jpeg\" alt=\"\" width=\"768\" height=\"1024\" srcset=\"https:\/\/aspire.org.do\/wp-content\/uploads\/2022\/12\/WhatsApp-Image-2022-12-13-at-6.19.52-PM-768x1024.jpeg 768w, https:\/\/aspire.org.do\/wp-content\/uploads\/2022\/12\/WhatsApp-Image-2022-12-13-at-6.19.52-PM-225x300.jpeg 225w, https:\/\/aspire.org.do\/wp-content\/uploads\/2022\/12\/WhatsApp-Image-2022-12-13-at-6.19.52-PM-1152x1536.jpeg 1152w, https:\/\/aspire.org.do\/wp-content\/uploads\/2022\/12\/WhatsApp-Image-2022-12-13-at-6.19.52-PM.jpeg 1200w\" sizes=\"(max-width: 768px) 100vw, 768px\" \/><\/p>\n<p>&nbsp;<\/p>\n<h6>&#8211; &#8211; &#8211; &#8211; &#8211; &#8211; &#8211; &#8211; &#8211; &#8211; &#8211; &#8211; &#8211; &#8211; &#8211; &#8211; &#8211; &#8211; &#8211; &#8211; &#8211; &#8211; &#8211; &#8211; &#8211; &#8211; &#8211; &#8211; &#8211; &#8211; &#8211; &#8211; &#8211; &#8211; &#8211; &#8211; &#8211; &#8211; &#8211; &#8211; &#8211; &#8211; &#8211; &#8211; &#8211; &#8211;<\/h6>\n<h3><span style=\"color: #000080;\"><strong>CODUE ENTREGA RECONOCIMIENTO A ASPIRE<\/strong><\/span><\/h3>\n<p>Noviembre 30, 2022 &#8211; Santo Domingo<\/p>\n<p><span style=\"color: #000000;\">La Confederaci\u00f3n Dominicana de Unidad Evang\u00e9lica &#8211; CODUE, celebr\u00f3 30 a\u00f1os de un valioso servicio por la unidad del pueblo cristiano en Rep\u00fablica Dominicana.<\/span><\/p>\n<p><span style=\"color: #000000;\">En la celebraci\u00f3n, CODUE entreg\u00f3 una placa en honor y gratitud, a la Asociaci\u00f3n para la Inversi\u00f3n y Empleo &#8211; ASPIRE,\u00a0 por nuestro apoyo brindado y reconociendo lo importante que hemos sido y somos para CODUE durante todo este tiempo.<\/span><\/p>\n<p><span style=\"color: #000000;\">Damos gracias a Dios por este reconocimiento y seguimos adelante sirviendo al Se\u00f1or, al pueblo de Dios y a nuestra naci\u00f3n.\u00a0 La gloria sea para Dios!!!<\/span><\/p>\n<p><img decoding=\"async\" loading=\"lazy\" class=\"alignnone size-large wp-image-5433\" src=\"https:\/\/aspire.org.do\/wp-content\/uploads\/2022\/12\/WhatsApp-Image-2022-12-02-at-8.34.04-AM-4-1024x684.jpeg\" alt=\"\" width=\"1024\" height=\"684\" srcset=\"https:\/\/aspire.org.do\/wp-content\/uploads\/2022\/12\/WhatsApp-Image-2022-12-02-at-8.34.04-AM-4-1024x684.jpeg 1024w, https:\/\/aspire.org.do\/wp-content\/uploads\/2022\/12\/WhatsApp-Image-2022-12-02-at-8.34.04-AM-4-300x200.jpeg 300w, https:\/\/aspire.org.do\/wp-content\/uploads\/2022\/12\/WhatsApp-Image-2022-12-02-at-8.34.04-AM-4-768x513.jpeg 768w, https:\/\/aspire.org.do\/wp-content\/uploads\/2022\/12\/WhatsApp-Image-2022-12-02-at-8.34.04-AM-4.jpeg 1280w\" sizes=\"(max-width: 1024px) 100vw, 1024px\" \/> <img decoding=\"async\" loading=\"lazy\" class=\"alignnone size-large wp-image-5434\" src=\"https:\/\/aspire.org.do\/wp-content\/uploads\/2022\/12\/WhatsApp-Image-2022-12-02-at-8.34.04-AM-3-684x1024.jpeg\" alt=\"\" width=\"684\" height=\"1024\" srcset=\"https:\/\/aspire.org.do\/wp-content\/uploads\/2022\/12\/WhatsApp-Image-2022-12-02-at-8.34.04-AM-3-684x1024.jpeg 684w, https:\/\/aspire.org.do\/wp-content\/uploads\/2022\/12\/WhatsApp-Image-2022-12-02-at-8.34.04-AM-3-200x300.jpeg 200w, https:\/\/aspire.org.do\/wp-content\/uploads\/2022\/12\/WhatsApp-Image-2022-12-02-at-8.34.04-AM-3-768x1150.jpeg 768w, https:\/\/aspire.org.do\/wp-content\/uploads\/2022\/12\/WhatsApp-Image-2022-12-02-at-8.34.04-AM-3.jpeg 855w\" sizes=\"(max-width: 684px) 100vw, 684px\" \/><\/p>\n<h6>&#8211; &#8211; &#8211; &#8211; &#8211; &#8211; &#8211; &#8211; &#8211; &#8211; &#8211; &#8211; &#8211; &#8211; &#8211; &#8211; &#8211; &#8211; &#8211; &#8211; &#8211; &#8211; &#8211; &#8211; &#8211; &#8211; &#8211; &#8211; &#8211; &#8211; &#8211; &#8211; &#8211; &#8211; &#8211; &#8211; &#8211; &#8211; &#8211; &#8211; &#8211; &#8211; &#8211; &#8211; &#8211; &#8211;<\/h6>\n<h3><span style=\"color: #000080;\"><strong>5ta.\u00a0 JORNADA DE INCLUSI\u00d3N EDUCATIVA<br \/>\n<\/strong><\/span><\/h3>\n<p>Noviembre 26, 2022\u00a0 Santo Domingo<\/p>\n<p><span style=\"color: #000000;\">Con \u00e9xito se realiz\u00f3 la 5ta. Jornada de Inclusi\u00f3n Educativa, que fue dirigida a Directores y Equipo Docente de Escuelas y Colegios, as\u00ed como a Pastores y Maestros de Ni\u00f1os en la Iglesia, Padres y Madres.<\/span><\/p>\n<p><span style=\"color: #000000;\">M\u00e1s de 350 personas fueron capacitadas para servir a Dios a trav\u00e9s de una excelente labor y atenci\u00f3n a la ni\u00f1ez que se encuentra con necesidades especiales o en condiciones de discapacidad.<\/span><\/p>\n<p><span style=\"color: #000000;\">Este magno evento, cont\u00f3 con el apoyo de Coop-ASPIRE, la Universidad Nacional Pedro Henr\u00edquez Ure\u00f1a UNPHU, la Fundaci\u00f3n Pedro Mart\u00ednez y ASPIRE ONG.<\/span><\/p>\n<p><a href=\"https:\/\/www.youtube.com\/watch?v=gIbV5_dElR4\">https:\/\/www.youtube.com\/watch?v=gIbV5_dElR4<\/a><\/p>\n<p><img decoding=\"async\" loading=\"lazy\" class=\"alignnone size-large wp-image-5414\" src=\"https:\/\/aspire.org.do\/wp-content\/uploads\/2022\/11\/PLJC0019-1024x575.jpg\" alt=\"\" width=\"1024\" height=\"575\" srcset=\"https:\/\/aspire.org.do\/wp-content\/uploads\/2022\/11\/PLJC0019-1024x575.jpg 1024w, https:\/\/aspire.org.do\/wp-content\/uploads\/2022\/11\/PLJC0019-300x168.jpg 300w, https:\/\/aspire.org.do\/wp-content\/uploads\/2022\/11\/PLJC0019-768x431.jpg 768w, https:\/\/aspire.org.do\/wp-content\/uploads\/2022\/11\/PLJC0019-1536x862.jpg 1536w, https:\/\/aspire.org.do\/wp-content\/uploads\/2022\/11\/PLJC0019-2048x1150.jpg 2048w\" sizes=\"(max-width: 1024px) 100vw, 1024px\" \/> <img decoding=\"async\" loading=\"lazy\" class=\"alignnone size-large wp-image-5415\" src=\"https:\/\/aspire.org.do\/wp-content\/uploads\/2022\/11\/PLJC0031-777x1024.jpg\" alt=\"\" width=\"777\" height=\"1024\" srcset=\"https:\/\/aspire.org.do\/wp-content\/uploads\/2022\/11\/PLJC0031-777x1024.jpg 777w, https:\/\/aspire.org.do\/wp-content\/uploads\/2022\/11\/PLJC0031-228x300.jpg 228w, https:\/\/aspire.org.do\/wp-content\/uploads\/2022\/11\/PLJC0031-768x1013.jpg 768w, https:\/\/aspire.org.do\/wp-content\/uploads\/2022\/11\/PLJC0031-1165x1536.jpg 1165w, https:\/\/aspire.org.do\/wp-content\/uploads\/2022\/11\/PLJC0031-1553x2048.jpg 1553w, https:\/\/aspire.org.do\/wp-content\/uploads\/2022\/11\/PLJC0031-scaled.jpg 1942w\" sizes=\"(max-width: 777px) 100vw, 777px\" \/> <img decoding=\"async\" loading=\"lazy\" class=\"alignnone size-large wp-image-5416\" src=\"https:\/\/aspire.org.do\/wp-content\/uploads\/2022\/11\/PLJC0042-1024x749.jpg\" alt=\"\" width=\"1024\" height=\"749\" srcset=\"https:\/\/aspire.org.do\/wp-content\/uploads\/2022\/11\/PLJC0042-1024x749.jpg 1024w, https:\/\/aspire.org.do\/wp-content\/uploads\/2022\/11\/PLJC0042-300x219.jpg 300w, https:\/\/aspire.org.do\/wp-content\/uploads\/2022\/11\/PLJC0042-768x562.jpg 768w, https:\/\/aspire.org.do\/wp-content\/uploads\/2022\/11\/PLJC0042-1536x1124.jpg 1536w, https:\/\/aspire.org.do\/wp-content\/uploads\/2022\/11\/PLJC0042-2048x1498.jpg 2048w\" sizes=\"(max-width: 1024px) 100vw, 1024px\" \/><\/p>\n<p>&nbsp;<\/p>\n<p><img decoding=\"async\" loading=\"lazy\" class=\"alignnone size-large wp-image-5418\" src=\"https:\/\/aspire.org.do\/wp-content\/uploads\/2022\/11\/FOTO-JORNADA-1-1024x865.jpg\" alt=\"\" width=\"1024\" height=\"865\" srcset=\"https:\/\/aspire.org.do\/wp-content\/uploads\/2022\/11\/FOTO-JORNADA-1-1024x865.jpg 1024w, https:\/\/aspire.org.do\/wp-content\/uploads\/2022\/11\/FOTO-JORNADA-1-300x253.jpg 300w, https:\/\/aspire.org.do\/wp-content\/uploads\/2022\/11\/FOTO-JORNADA-1-768x649.jpg 768w, https:\/\/aspire.org.do\/wp-content\/uploads\/2022\/11\/FOTO-JORNADA-1.jpg 1261w\" sizes=\"(max-width: 1024px) 100vw, 1024px\" \/> <img decoding=\"async\" loading=\"lazy\" class=\"alignnone size-large wp-image-5419\" src=\"https:\/\/aspire.org.do\/wp-content\/uploads\/2022\/11\/FOTO-JORNADA-2-1024x661.jpg\" alt=\"\" width=\"1024\" height=\"661\" srcset=\"https:\/\/aspire.org.do\/wp-content\/uploads\/2022\/11\/FOTO-JORNADA-2-1024x661.jpg 1024w, https:\/\/aspire.org.do\/wp-content\/uploads\/2022\/11\/FOTO-JORNADA-2-300x194.jpg 300w, https:\/\/aspire.org.do\/wp-content\/uploads\/2022\/11\/FOTO-JORNADA-2-768x496.jpg 768w, https:\/\/aspire.org.do\/wp-content\/uploads\/2022\/11\/FOTO-JORNADA-2-1536x992.jpg 1536w, https:\/\/aspire.org.do\/wp-content\/uploads\/2022\/11\/FOTO-JORNADA-2.jpg 1738w\" sizes=\"(max-width: 1024px) 100vw, 1024px\" \/><\/p>\n<p><span style=\"color: #000000;\">Los temas que se abordaron, fueron:<\/span><\/p>\n<ul>\n<li><span style=\"color: #000000;\">Contexto Actual de la Educaci\u00f3n Superior Inclusiva<\/span><\/li>\n<li><span style=\"color: #000000;\">Deporte Inclusivo<\/span><\/li>\n<li><span style=\"color: #000000;\">Cultura Sorda<\/span><\/li>\n<li><span style=\"color: #000000;\">ECHO Autismo<\/span><\/li>\n<li><span style=\"color: #000000;\">Primeras se\u00f1ales, \u00bfQu\u00e9 hacer?<\/span><\/li>\n<li><span style=\"color: #000000;\">La m\u00fasica como estrategia que favorece la inclusi\u00f3n<\/span><\/li>\n<li><span style=\"color: #000000;\">La Familia Inclusiva<\/span><\/li>\n<\/ul>\n<p><span style=\"color: #000000;\">Contamos con la valiosa presencia de la Directora Luc\u00eda V\u00e1squez, de la Direcci\u00f3n General de Educaci\u00f3n Especial del Ministerio de Educaci\u00f3n:<\/span><\/p>\n<p><img decoding=\"async\" loading=\"lazy\" class=\"alignnone size-large wp-image-5426\" src=\"https:\/\/aspire.org.do\/wp-content\/uploads\/2022\/11\/Lucia-Vasquez-Directora-Educacion-Especial-Min-Educ-1024x1024.jpeg\" alt=\"\" width=\"1024\" height=\"1024\" srcset=\"https:\/\/aspire.org.do\/wp-content\/uploads\/2022\/11\/Lucia-Vasquez-Directora-Educacion-Especial-Min-Educ-1024x1024.jpeg 1024w, https:\/\/aspire.org.do\/wp-content\/uploads\/2022\/11\/Lucia-Vasquez-Directora-Educacion-Especial-Min-Educ-300x300.jpeg 300w, https:\/\/aspire.org.do\/wp-content\/uploads\/2022\/11\/Lucia-Vasquez-Directora-Educacion-Especial-Min-Educ-150x150.jpeg 150w, https:\/\/aspire.org.do\/wp-content\/uploads\/2022\/11\/Lucia-Vasquez-Directora-Educacion-Especial-Min-Educ-768x768.jpeg 768w, https:\/\/aspire.org.do\/wp-content\/uploads\/2022\/11\/Lucia-Vasquez-Directora-Educacion-Especial-Min-Educ-1536x1536.jpeg 1536w, https:\/\/aspire.org.do\/wp-content\/uploads\/2022\/11\/Lucia-Vasquez-Directora-Educacion-Especial-Min-Educ-700x700.jpeg 700w, https:\/\/aspire.org.do\/wp-content\/uploads\/2022\/11\/Lucia-Vasquez-Directora-Educacion-Especial-Min-Educ.jpeg 1600w\" sizes=\"(max-width: 1024px) 100vw, 1024px\" \/><\/p>\n<p><span style=\"color: #000000;\">Tambi\u00e9n estuvo presente con unas importantes palabras,\u00a0 la se\u00f1ora Grace Pons, representante ejecutiva de la Junta Directiva de ASPIRE:<\/span><\/p>\n<p><img decoding=\"async\" loading=\"lazy\" class=\"alignnone size-large wp-image-5417\" src=\"https:\/\/aspire.org.do\/wp-content\/uploads\/2022\/11\/PLJC0086-1024x575.jpg\" alt=\"\" width=\"1024\" height=\"575\" srcset=\"https:\/\/aspire.org.do\/wp-content\/uploads\/2022\/11\/PLJC0086-1024x575.jpg 1024w, https:\/\/aspire.org.do\/wp-content\/uploads\/2022\/11\/PLJC0086-300x168.jpg 300w, https:\/\/aspire.org.do\/wp-content\/uploads\/2022\/11\/PLJC0086-768x431.jpg 768w, https:\/\/aspire.org.do\/wp-content\/uploads\/2022\/11\/PLJC0086-1536x862.jpg 1536w, https:\/\/aspire.org.do\/wp-content\/uploads\/2022\/11\/PLJC0086-2048x1150.jpg 2048w\" sizes=\"(max-width: 1024px) 100vw, 1024px\" \/><\/p>\n<h6>&#8211; &#8211; &#8211; &#8211; &#8211; &#8211; &#8211; &#8211; &#8211; &#8211; &#8211; &#8211; &#8211; &#8211; &#8211; &#8211; &#8211; &#8211; &#8211; &#8211; &#8211; &#8211; &#8211; &#8211; &#8211; &#8211; &#8211; &#8211; &#8211; &#8211; &#8211; &#8211; &#8211; &#8211; &#8211; &#8211; &#8211; &#8211; &#8211; &#8211; &#8211; &#8211; &#8211; &#8211; &#8211; &#8211;<\/h6>\n<p><span style=\"color: #000080;\"><strong>DIPLOMADOS DE PASTORAL INTEGRAL A LA NI\u00d1EZ Y ADOLESCENCIA<br \/>\n<\/strong><\/span><\/p>\n<p>Noviembre, 2022<\/p>\n<p><img decoding=\"async\" loading=\"lazy\" class=\"alignnone size-large wp-image-5402\" src=\"https:\/\/aspire.org.do\/wp-content\/uploads\/2022\/11\/WhatsApp-Image-2022-11-14-at-10.37.18-AM-1024x554.jpeg\" alt=\"\" width=\"1024\" height=\"554\" srcset=\"https:\/\/aspire.org.do\/wp-content\/uploads\/2022\/11\/WhatsApp-Image-2022-11-14-at-10.37.18-AM-1024x554.jpeg 1024w, https:\/\/aspire.org.do\/wp-content\/uploads\/2022\/11\/WhatsApp-Image-2022-11-14-at-10.37.18-AM-300x162.jpeg 300w, https:\/\/aspire.org.do\/wp-content\/uploads\/2022\/11\/WhatsApp-Image-2022-11-14-at-10.37.18-AM-768x415.jpeg 768w, https:\/\/aspire.org.do\/wp-content\/uploads\/2022\/11\/WhatsApp-Image-2022-11-14-at-10.37.18-AM.jpeg 1080w\" sizes=\"(max-width: 1024px) 100vw, 1024px\" \/> <img decoding=\"async\" loading=\"lazy\" class=\"alignnone size-large wp-image-5403\" src=\"https:\/\/aspire.org.do\/wp-content\/uploads\/2022\/11\/WhatsApp-Image-2022-11-14-at-10.37.05-AM-1-1024x821.jpeg\" alt=\"\" width=\"1024\" height=\"821\" srcset=\"https:\/\/aspire.org.do\/wp-content\/uploads\/2022\/11\/WhatsApp-Image-2022-11-14-at-10.37.05-AM-1-1024x821.jpeg 1024w, https:\/\/aspire.org.do\/wp-content\/uploads\/2022\/11\/WhatsApp-Image-2022-11-14-at-10.37.05-AM-1-300x241.jpeg 300w, https:\/\/aspire.org.do\/wp-content\/uploads\/2022\/11\/WhatsApp-Image-2022-11-14-at-10.37.05-AM-1-768x616.jpeg 768w, https:\/\/aspire.org.do\/wp-content\/uploads\/2022\/11\/WhatsApp-Image-2022-11-14-at-10.37.05-AM-1.jpeg 1035w\" sizes=\"(max-width: 1024px) 100vw, 1024px\" \/><\/p>\n<p><img decoding=\"async\" loading=\"lazy\" class=\"alignnone size-large wp-image-5404\" src=\"https:\/\/aspire.org.do\/wp-content\/uploads\/2022\/11\/WhatsApp-Image-2022-11-14-at-3.13.50-PM-1024x722.jpeg\" alt=\"\" width=\"1024\" height=\"722\" srcset=\"https:\/\/aspire.org.do\/wp-content\/uploads\/2022\/11\/WhatsApp-Image-2022-11-14-at-3.13.50-PM-1024x722.jpeg 1024w, https:\/\/aspire.org.do\/wp-content\/uploads\/2022\/11\/WhatsApp-Image-2022-11-14-at-3.13.50-PM-300x212.jpeg 300w, https:\/\/aspire.org.do\/wp-content\/uploads\/2022\/11\/WhatsApp-Image-2022-11-14-at-3.13.50-PM-768x542.jpeg 768w, https:\/\/aspire.org.do\/wp-content\/uploads\/2022\/11\/WhatsApp-Image-2022-11-14-at-3.13.50-PM.jpeg 1080w\" sizes=\"(max-width: 1024px) 100vw, 1024px\" \/><\/p>\n<p><strong><span style=\"color: #000000;\">Ha sido una gran bendici\u00f3n, el desarrollo de los 3 Diplomados de Pastoral Integral a la Ni\u00f1ez y Adolescencia, de manera presencial tanto en Sos\u00faa como en Santiago.\u00a0 M\u00e1s de 60 maestros de escuela b\u00edblica, pastores y l\u00edderes de varios Concilios, se han dado cita para capacitarse en temas de:<\/span><\/strong><\/p>\n<ul>\n<li><span style=\"color: #000000;\">Tierna Protecci\u00f3n Infantil<\/span><\/li>\n<li><span style=\"color: #000000;\">Acci\u00f3n Pastoral a la Ni\u00f1ez y Adolescencia (Ciclo Vital de Crecimiento)<\/span><\/li>\n<li><span style=\"color: #000000;\">Formaci\u00f3n Espiritual e Inclusi\u00f3n Infantil en la Iglesia<\/span><\/li>\n<li><span style=\"color: #000000;\">Cuidado y Atenci\u00f3n a Ni\u00f1os con Traumas y\/o en Duelo<\/span><\/li>\n<li><span style=\"color: #000000;\">Taxonom\u00eda de Bloom con fundamento b\u00edblico<\/span><\/li>\n<\/ul>\n<p><span style=\"color: #000000;\">Nuestros pr\u00f3ximos Diplomados de Pastoral a la Ni\u00f1ez y Diplomado de Gesti\u00f3n Pastoral, inician en febrero\/2023<\/span><\/p>\n<p><span style=\"color: #000000;\">Inscripciones abiertas 809-284-6566<\/span><\/p>\n<h6>&#8211; &#8211; &#8211; &#8211; &#8211; &#8211; &#8211; &#8211; &#8211; &#8211; &#8211; &#8211; &#8211; &#8211; &#8211; &#8211; &#8211; &#8211; &#8211; &#8211; &#8211; &#8211; &#8211; &#8211; &#8211; &#8211; &#8211; &#8211; &#8211; &#8211; &#8211; &#8211; &#8211; &#8211; &#8211; &#8211; &#8211; &#8211; &#8211; &#8211; &#8211; &#8211; &#8211; &#8211; &#8211; &#8211;<\/h6>\n<p>&nbsp;<\/p>\n<p><span style=\"color: #000080;\"><strong>CONFERENCIA:\u00a0 \u00abCONECTANDO PARA GENERAR IMPACTO EN R.D.\u00bb<\/strong><\/span><\/p>\n<p><strong><span style=\"color: #000080;\">Educaci\u00f3n Social y Financiera para Ni\u00f1os y J\u00f3venes<\/span><\/strong><\/p>\n<p>Octubre, 2022<\/p>\n<p><img decoding=\"async\" loading=\"lazy\" class=\"alignnone size-full wp-image-5389\" src=\"https:\/\/aspire.org.do\/wp-content\/uploads\/2022\/10\/CONFERENCIA-26-OCT-2022.jpg\" alt=\"\" width=\"1016\" height=\"687\" srcset=\"https:\/\/aspire.org.do\/wp-content\/uploads\/2022\/10\/CONFERENCIA-26-OCT-2022.jpg 1016w, https:\/\/aspire.org.do\/wp-content\/uploads\/2022\/10\/CONFERENCIA-26-OCT-2022-300x203.jpg 300w, https:\/\/aspire.org.do\/wp-content\/uploads\/2022\/10\/CONFERENCIA-26-OCT-2022-768x519.jpg 768w\" sizes=\"(max-width: 1016px) 100vw, 1016px\" \/><\/p>\n<p><span style=\"color: #000000;\">Agradecemos a las organizaciones hermanas que aceptaron nuestra invitaci\u00f3n de unir esfuerzos, <span class=\"x_x_ContentPasted1 x_ContentPasted0\">enfocado en la transformaci\u00f3n social y financiera de ni\u00f1os y j\u00f3venes de nuestra Rep\u00fablica Dominicana, en Escuelas, Colegios, Clubes, Iglesias y Comunidades vulnerables. <\/span><\/span><\/p>\n<p><span class=\"x_x_ContentPasted1 x_ContentPasted0\" style=\"color: #000000;\">Contamos con la asistencia de los representantes de la <strong>Cooperativa San Jos\u00e9, Coop-Maim\u00f3n, Coop-M\u00e9dica, Cooperativa San Rafael y Coop-Central,<\/strong> adem\u00e1s<span class=\"x_ContentPasted0\">\u00a0<\/span>\u00a0representantes internacionales como Cristina Pe\u00f1a manager Programas sociales <strong>Aflatoun Internacional desde \u00c1msterdam<\/strong>,<span class=\"x_ContentPasted0\">\u00a0<\/span>\u00a0Ana Yris Guzm\u00e1n directora de Nuestra Escuela y <strong>representante Regional desde Puerto Rico<\/strong>, Roc\u00edo And\u00eda <strong>coordinadora Am\u00e9rica Latina y Caribe desde M\u00e9xico<\/strong>.\u00a0<\/span><\/p>\n<p><span class=\"x_x_ContentPasted1 x_ContentPasted0\" style=\"color: #000000;\">Nos unimos con el prop\u00f3sito de socializar la importancia de educar social y financieramente desde un enfoque transformador, donde nuestros ni\u00f1os y jovenes son el motor para el cambio de las pr\u00f3ximas generaciones.\u00a0 <\/span><span class=\"x_x_ContentPasted1 x_ContentPasted0\" style=\"color: #000000;\">Con la metodolog\u00eda de Aflatoun,\u00a0 abordamos temas como:<\/span><\/p>\n<ul>\n<li><span class=\"x_x_ContentPasted1 x_ContentPasted0\" style=\"color: #000000;\">Exploraci\u00f3n Personal<\/span><\/li>\n<li><span class=\"x_x_ContentPasted1 x_ContentPasted0\" style=\"color: #000000;\">Derechos y Responsabilidades de los Ni\u00f1os<\/span><\/li>\n<li><span class=\"x_x_ContentPasted1 x_ContentPasted0\" style=\"color: #000000;\">Ahorro y Gasto<\/span><\/li>\n<li><span class=\"x_x_ContentPasted1 x_ContentPasted0\" style=\"color: #000000;\">Planeaci\u00f3n y Elaboraci\u00f3n de un Presupuesto<\/span><\/li>\n<li><span class=\"x_x_ContentPasted1 x_ContentPasted0\" style=\"color: #000000;\">Emprendimiento Social y Financiero.<\/span><\/li>\n<\/ul>\n<p><span class=\"x_x_ContentPasted1 x_ContentPasted0\" style=\"color: #000000;\"> Adem\u00e1s, hemos formado Grupos de Ahorro infantiles, que con sus peque\u00f1as cooperativas, pueden desarrollar su liderazgo, implementan la disciplina del ahorro, colaboran con otros de manera respetuosa, aprenden sobre el consumo inteligente y el aprendizaje sobre el costo del dinero. \u00a0<\/span><\/p>\n<p><span style=\"color: #000000;\"><span class=\"x_x_ContentPasted1 x_ContentPasted0\">Respondemos al llamado de Jes\u00fas, cuando dijo \u00ab<\/span><span class=\"x_x_ContentPasted1 x_ContentPasted0\"><strong><em>En cuanto lo hicisteis a uno de estos mis hermanos m\u00e1s peque\u00f1os, a m\u00ed lo hicisteis<\/em><\/strong>\u00ab.<\/span><span class=\"x_ContentPasted0\">\u00a0<\/span><\/span><\/p>\n<p><img decoding=\"async\" loading=\"lazy\" class=\"alignnone size-full wp-image-5390\" src=\"https:\/\/aspire.org.do\/wp-content\/uploads\/2022\/10\/conferencia2.jpg\" alt=\"\" width=\"1020\" height=\"692\" srcset=\"https:\/\/aspire.org.do\/wp-content\/uploads\/2022\/10\/conferencia2.jpg 1020w, https:\/\/aspire.org.do\/wp-content\/uploads\/2022\/10\/conferencia2-300x204.jpg 300w, https:\/\/aspire.org.do\/wp-content\/uploads\/2022\/10\/conferencia2-768x521.jpg 768w\" sizes=\"(max-width: 1020px) 100vw, 1020px\" \/><\/p>\n<p>&nbsp;<\/p>\n<h6>&#8211; &#8211; &#8211; &#8211; &#8211; &#8211; &#8211; &#8211; &#8211; &#8211; &#8211; &#8211; &#8211; &#8211; &#8211; &#8211; &#8211; &#8211; &#8211; &#8211; &#8211; &#8211; &#8211; &#8211; &#8211; &#8211; &#8211; &#8211; &#8211; &#8211; &#8211; &#8211; &#8211; &#8211; &#8211; &#8211; &#8211; &#8211; &#8211; &#8211; &#8211; &#8211; &#8211; &#8211; &#8211; &#8211;<\/h6>\n<p>&nbsp;<\/p>\n<p><span style=\"color: #000080;\"><strong>BOLETIN 3er. TRIMESTRE 2022<\/strong><\/span><\/p>\n<p><img decoding=\"async\" loading=\"lazy\" class=\"alignleft wp-image-5369 \" src=\"https:\/\/aspire.org.do\/wp-content\/uploads\/2022\/10\/BOLETIN-3er-TRIMESTRE-2022-Pagina-1-791x1024.jpg\" alt=\"\" width=\"809\" height=\"1047\" srcset=\"https:\/\/aspire.org.do\/wp-content\/uploads\/2022\/10\/BOLETIN-3er-TRIMESTRE-2022-Pagina-1-791x1024.jpg 791w, https:\/\/aspire.org.do\/wp-content\/uploads\/2022\/10\/BOLETIN-3er-TRIMESTRE-2022-Pagina-1-232x300.jpg 232w, https:\/\/aspire.org.do\/wp-content\/uploads\/2022\/10\/BOLETIN-3er-TRIMESTRE-2022-Pagina-1-768x994.jpg 768w, https:\/\/aspire.org.do\/wp-content\/uploads\/2022\/10\/BOLETIN-3er-TRIMESTRE-2022-Pagina-1-1187x1536.jpg 1187w, https:\/\/aspire.org.do\/wp-content\/uploads\/2022\/10\/BOLETIN-3er-TRIMESTRE-2022-Pagina-1-1583x2048.jpg 1583w, https:\/\/aspire.org.do\/wp-content\/uploads\/2022\/10\/BOLETIN-3er-TRIMESTRE-2022-Pagina-1-scaled.jpg 1978w\" sizes=\"(max-width: 809px) 100vw, 809px\" \/> <img decoding=\"async\" loading=\"lazy\" class=\"alignnone wp-image-5370 size-large\" src=\"https:\/\/aspire.org.do\/wp-content\/uploads\/2022\/10\/BOLETIN-3er-TRIMESTRE-2022-Pagina-2-791x1024.jpg\" alt=\"\" width=\"791\" height=\"1024\" srcset=\"https:\/\/aspire.org.do\/wp-content\/uploads\/2022\/10\/BOLETIN-3er-TRIMESTRE-2022-Pagina-2-791x1024.jpg 791w, https:\/\/aspire.org.do\/wp-content\/uploads\/2022\/10\/BOLETIN-3er-TRIMESTRE-2022-Pagina-2-232x300.jpg 232w, https:\/\/aspire.org.do\/wp-content\/uploads\/2022\/10\/BOLETIN-3er-TRIMESTRE-2022-Pagina-2-768x994.jpg 768w, https:\/\/aspire.org.do\/wp-content\/uploads\/2022\/10\/BOLETIN-3er-TRIMESTRE-2022-Pagina-2-1187x1536.jpg 1187w, https:\/\/aspire.org.do\/wp-content\/uploads\/2022\/10\/BOLETIN-3er-TRIMESTRE-2022-Pagina-2-1583x2048.jpg 1583w, https:\/\/aspire.org.do\/wp-content\/uploads\/2022\/10\/BOLETIN-3er-TRIMESTRE-2022-Pagina-2-scaled.jpg 1978w\" sizes=\"(max-width: 791px) 100vw, 791px\" \/><\/p>\n<h6>&#8211; &#8211; &#8211; &#8211; &#8211; &#8211; &#8211; &#8211; &#8211; &#8211; &#8211; &#8211; &#8211; &#8211; &#8211; &#8211; &#8211; &#8211; &#8211; &#8211; &#8211; &#8211; &#8211; &#8211; &#8211; &#8211; &#8211; &#8211; &#8211; &#8211; &#8211; &#8211; &#8211; &#8211; &#8211; &#8211; &#8211; &#8211; &#8211; &#8211; &#8211; &#8211; &#8211; &#8211; &#8211; &#8211;<\/h6>\n<p>&nbsp;<\/p>\n<p><span style=\"color: #000080;\"><strong>APRENDIENDO A CUIDAR Y ATENDER A NI\u00d1OS CON TRAUMAS<br \/>\n<\/strong><\/span><\/p>\n<p>Octubre\/2022<\/p>\n<p><img decoding=\"async\" loading=\"lazy\" class=\" wp-image-5361 alignleft\" src=\"https:\/\/aspire.org.do\/wp-content\/uploads\/2022\/10\/WhatsApp-Image-2022-10-18-at-6.08.44-PM-300x169.jpeg\" alt=\"\" width=\"485\" height=\"273\" srcset=\"https:\/\/aspire.org.do\/wp-content\/uploads\/2022\/10\/WhatsApp-Image-2022-10-18-at-6.08.44-PM-300x169.jpeg 300w, https:\/\/aspire.org.do\/wp-content\/uploads\/2022\/10\/WhatsApp-Image-2022-10-18-at-6.08.44-PM-1024x576.jpeg 1024w, https:\/\/aspire.org.do\/wp-content\/uploads\/2022\/10\/WhatsApp-Image-2022-10-18-at-6.08.44-PM-768x432.jpeg 768w, https:\/\/aspire.org.do\/wp-content\/uploads\/2022\/10\/WhatsApp-Image-2022-10-18-at-6.08.44-PM.jpeg 1280w\" sizes=\"(max-width: 485px) 100vw, 485px\" \/><\/p>\n<p><span style=\"color: #000000;\">Muchas veces ignoramos las se\u00f1ales de un ni\u00f1o o ni\u00f1a que est\u00e1 pasando por alguna situaci\u00f3n traum\u00e1tica.\u00a0 Como parte de nuestra Red de la Ni\u00f1ez, ofrecemos esta conferencia a padres, madres, tutores, maestros y todos aquellos interesados en proteger y ayudar a nuestra ni\u00f1ez dominicana.<\/span><\/p>\n<p><span style=\"color: #000000;\">M\u00e1s informaci\u00f3n sobre nuestros Diplomados, Seminarios y Talleres, al 809-284-6566 Rep\u00fablica Dominicana.<\/span><\/p>\n<p>&nbsp;<\/p>\n<p>&nbsp;<\/p>\n<p>&nbsp;<\/p>\n<h6>&#8211; &#8211; &#8211; &#8211; &#8211; &#8211; &#8211; &#8211; &#8211; &#8211; &#8211; &#8211; &#8211; &#8211; &#8211; &#8211; &#8211; &#8211; &#8211; &#8211; &#8211; &#8211; &#8211; &#8211; &#8211; &#8211; &#8211; &#8211; &#8211; &#8211; &#8211; &#8211; &#8211; &#8211; &#8211; &#8211; &#8211; &#8211; &#8211; &#8211; &#8211; &#8211; &#8211; &#8211; &#8211; &#8211;<\/h6>\n<p><span style=\"color: #000080;\"><strong>EDUCACI\u00d3N PARA NUESTRA JUVENTUD<\/strong><\/span><\/p>\n<p>Octubre\/2022<\/p>\n<p><span style=\"color: #000000;\">Uno de nuestros prop\u00f3sitos en ASPIRE, es capacitar a nuestra ni\u00f1ez, adolescencia y juventud dominicana, a trav\u00e9s del Programa ASPIRE JUVENIL.<img decoding=\"async\" loading=\"lazy\" class=\"wp-image-5344 alignleft\" src=\"https:\/\/aspire.org.do\/wp-content\/uploads\/2022\/10\/WhatsApp-Image-2022-10-16-at-5.56.45-PM-300x148.jpeg\" alt=\"\" width=\"408\" height=\"201\" srcset=\"https:\/\/aspire.org.do\/wp-content\/uploads\/2022\/10\/WhatsApp-Image-2022-10-16-at-5.56.45-PM-300x148.jpeg 300w, https:\/\/aspire.org.do\/wp-content\/uploads\/2022\/10\/WhatsApp-Image-2022-10-16-at-5.56.45-PM-768x378.jpeg 768w, https:\/\/aspire.org.do\/wp-content\/uploads\/2022\/10\/WhatsApp-Image-2022-10-16-at-5.56.45-PM.jpeg 1024w\" sizes=\"(max-width: 408px) 100vw, 408px\" \/><\/span><\/p>\n<p><span style=\"color: #000000;\">En el mes de octubre, realizamos una presentaci\u00f3n del programa, en uno de nuestros Centros Educativos afiliados.<\/span><\/p>\n<p><span style=\"color: #000000;\"><em><strong>\u00abUna buena ense\u00f1anza financiera desde la ni\u00f1ez, es la base de una buena salud financiera en el futuro\u00bb<\/strong><\/em><\/span><\/p>\n<p>&nbsp;<\/p>\n<p>&nbsp;<\/p>\n<p>&#8211; &#8211; &#8211; &#8211; &#8211; &#8211; &#8211; &#8211; &#8211; &#8211; &#8211; &#8211; &#8211; &#8211; &#8211; &#8211; &#8211; &#8211; &#8211; &#8211; &#8211; &#8211; &#8211; &#8211; &#8211; &#8211; &#8211; &#8211; &#8211; &#8211; &#8211; &#8211; &#8211; &#8211; &#8211; &#8211; &#8211; &#8211; &#8211; &#8211; &#8211; &#8211; &#8211; &#8211; &#8211; &#8211; &#8211; &#8211; &#8211; &#8211;<\/p>\n<p><span style=\"color: #000080;\"><strong>CONFERENCIA PARA LA FAMILIA<\/strong><\/span><\/p>\n<p>Octubre\/2022<\/p>\n<p><span style=\"color: #000000;\">Con \u00e9xito se realiz\u00f3 la Conferencia sobre <strong>\u00abGu\u00eda Familiar de Educaci\u00f3n Financiera\u00bb<\/strong>, donde se impartieron herramientas \u00fatiles para el manejo de las finanzas en el hogar.<\/span><\/p>\n<p><img decoding=\"async\" loading=\"lazy\" class=\"size-medium wp-image-5338 alignnone\" src=\"https:\/\/aspire.org.do\/wp-content\/uploads\/2022\/10\/WhatsApp-Image-2022-10-16-at-5.42.46-PM-255x300.jpeg\" alt=\"\" width=\"255\" height=\"300\" srcset=\"https:\/\/aspire.org.do\/wp-content\/uploads\/2022\/10\/WhatsApp-Image-2022-10-16-at-5.42.46-PM-255x300.jpeg 255w, https:\/\/aspire.org.do\/wp-content\/uploads\/2022\/10\/WhatsApp-Image-2022-10-16-at-5.42.46-PM-871x1024.jpeg 871w, https:\/\/aspire.org.do\/wp-content\/uploads\/2022\/10\/WhatsApp-Image-2022-10-16-at-5.42.46-PM-768x903.jpeg 768w, https:\/\/aspire.org.do\/wp-content\/uploads\/2022\/10\/WhatsApp-Image-2022-10-16-at-5.42.46-PM.jpeg 900w\" sizes=\"(max-width: 255px) 100vw, 255px\" \/><img decoding=\"async\" loading=\"lazy\" class=\"alignnone wp-image-5337\" src=\"https:\/\/aspire.org.do\/wp-content\/uploads\/2022\/10\/WhatsApp-Image-2022-10-16-at-5.43.13-PM-300x185.jpeg\" alt=\"\" width=\"488\" height=\"301\" srcset=\"https:\/\/aspire.org.do\/wp-content\/uploads\/2022\/10\/WhatsApp-Image-2022-10-16-at-5.43.13-PM-300x185.jpeg 300w, https:\/\/aspire.org.do\/wp-content\/uploads\/2022\/10\/WhatsApp-Image-2022-10-16-at-5.43.13-PM-1024x633.jpeg 1024w, https:\/\/aspire.org.do\/wp-content\/uploads\/2022\/10\/WhatsApp-Image-2022-10-16-at-5.43.13-PM-768x475.jpeg 768w, https:\/\/aspire.org.do\/wp-content\/uploads\/2022\/10\/WhatsApp-Image-2022-10-16-at-5.43.13-PM.jpeg 1121w\" sizes=\"(max-width: 488px) 100vw, 488px\" \/><\/p>\n<p>&nbsp;<\/p>\n<h6>&#8211; &#8211; &#8211; &#8211; &#8211; &#8211; &#8211; &#8211; &#8211; &#8211; &#8211; &#8211; &#8211; &#8211; &#8211; &#8211; &#8211; &#8211; &#8211; &#8211; &#8211; &#8211; &#8211; &#8211; &#8211; &#8211; &#8211; &#8211; &#8211; &#8211; &#8211; &#8211; &#8211; &#8211; &#8211; &#8211; &#8211; &#8211; &#8211; &#8211; &#8211; &#8211; &#8211; &#8211; &#8211; &#8211;<\/h6>\n<p><strong><span style=\"color: #000080;\">KITS DE SIEMBRA CASERA<\/span><br \/>\n<\/strong><\/p>\n<p>Septiembre\/2022<\/p>\n<p><span style=\"color: #000000;\">Como parte de nuestra capacitaci\u00f3n urbana de huertos caseros, en el Programa ASPIRANDO JUNTAS,<\/span><\/p>\n<p><span style=\"color: #000000;\">hemos entregado kits de siembra en la Comunidad de San Luis, Santo Domi<img decoding=\"async\" loading=\"lazy\" class=\"wp-image-5333 alignright\" src=\"https:\/\/aspire.org.do\/wp-content\/uploads\/2022\/10\/WhatsApp-Image-2022-10-16-at-5.30.29-PM-300x225.jpeg\" alt=\"\" width=\"373\" height=\"280\" srcset=\"https:\/\/aspire.org.do\/wp-content\/uploads\/2022\/10\/WhatsApp-Image-2022-10-16-at-5.30.29-PM-300x225.jpeg 300w, https:\/\/aspire.org.do\/wp-content\/uploads\/2022\/10\/WhatsApp-Image-2022-10-16-at-5.30.29-PM-1024x767.jpeg 1024w, https:\/\/aspire.org.do\/wp-content\/uploads\/2022\/10\/WhatsApp-Image-2022-10-16-at-5.30.29-PM-768x575.jpeg 768w, https:\/\/aspire.org.do\/wp-content\/uploads\/2022\/10\/WhatsApp-Image-2022-10-16-at-5.30.29-PM.jpeg 1280w\" sizes=\"(max-width: 373px) 100vw, 373px\" \/>ngo.<\/span><img decoding=\"async\" loading=\"lazy\" class=\"wp-image-5330 alignright\" src=\"https:\/\/aspire.org.do\/wp-content\/uploads\/2022\/10\/WhatsApp-Image-2022-10-16-at-5.30.29-PM3-225x300.jpeg\" alt=\"\" width=\"198\" height=\"264\" srcset=\"https:\/\/aspire.org.do\/wp-content\/uploads\/2022\/10\/WhatsApp-Image-2022-10-16-at-5.30.29-PM3-225x300.jpeg 225w, https:\/\/aspire.org.do\/wp-content\/uploads\/2022\/10\/WhatsApp-Image-2022-10-16-at-5.30.29-PM3-767x1024.jpeg 767w, https:\/\/aspire.org.do\/wp-content\/uploads\/2022\/10\/WhatsApp-Image-2022-10-16-at-5.30.29-PM3-768x1025.jpeg 768w, https:\/\/aspire.org.do\/wp-content\/uploads\/2022\/10\/WhatsApp-Image-2022-10-16-at-5.30.29-PM3.jpeg 959w\" sizes=\"(max-width: 198px) 100vw, 198px\" \/><\/p>\n<p><img decoding=\"async\" loading=\"lazy\" class=\"alignnone wp-image-5332\" src=\"https:\/\/aspire.org.do\/wp-content\/uploads\/2022\/10\/WhatsApp-Image-2022-10-16-at-5.30.29-PM1-225x300.jpeg\" alt=\"\" width=\"189\" height=\"252\" srcset=\"https:\/\/aspire.org.do\/wp-content\/uploads\/2022\/10\/WhatsApp-Image-2022-10-16-at-5.30.29-PM1-225x300.jpeg 225w, https:\/\/aspire.org.do\/wp-content\/uploads\/2022\/10\/WhatsApp-Image-2022-10-16-at-5.30.29-PM1-767x1024.jpeg 767w, https:\/\/aspire.org.do\/wp-content\/uploads\/2022\/10\/WhatsApp-Image-2022-10-16-at-5.30.29-PM1-768x1025.jpeg 768w, https:\/\/aspire.org.do\/wp-content\/uploads\/2022\/10\/WhatsApp-Image-2022-10-16-at-5.30.29-PM1.jpeg 959w\" sizes=\"(max-width: 189px) 100vw, 189px\" \/><img decoding=\"async\" loading=\"lazy\" class=\" wp-image-5331 alignleft\" src=\"https:\/\/aspire.org.do\/wp-content\/uploads\/2022\/10\/WhatsApp-Image-2022-10-16-at-5.30.29-PM2-225x300.jpeg\" alt=\"\" width=\"185\" height=\"246\" srcset=\"https:\/\/aspire.org.do\/wp-content\/uploads\/2022\/10\/WhatsApp-Image-2022-10-16-at-5.30.29-PM2-225x300.jpeg 225w, https:\/\/aspire.org.do\/wp-content\/uploads\/2022\/10\/WhatsApp-Image-2022-10-16-at-5.30.29-PM2-767x1024.jpeg 767w, https:\/\/aspire.org.do\/wp-content\/uploads\/2022\/10\/WhatsApp-Image-2022-10-16-at-5.30.29-PM2-768x1025.jpeg 768w, https:\/\/aspire.org.do\/wp-content\/uploads\/2022\/10\/WhatsApp-Image-2022-10-16-at-5.30.29-PM2.jpeg 959w\" sizes=\"(max-width: 185px) 100vw, 185px\" \/><\/p>\n<p>&nbsp;<\/p>\n<h6>&#8211; &#8211; &#8211; &#8211; &#8211; &#8211; &#8211; &#8211; &#8211; &#8211; &#8211; &#8211; &#8211; &#8211; &#8211; &#8211; &#8211; &#8211; &#8211; &#8211; &#8211; &#8211; &#8211; &#8211; &#8211; &#8211; &#8211; &#8211; &#8211; &#8211; &#8211; &#8211; &#8211; &#8211; &#8211; &#8211; &#8211; &#8211; &#8211; &#8211; &#8211; &#8211; &#8211; &#8211; &#8211; &#8211;<\/h6>\n<p><span style=\"color: #000080;\"><strong>CAMPAMENTOS\u00a0 INFANTILES<\/strong><\/span><\/p>\n<p>Agosto\/ 2022<\/p>\n<p><span style=\"color: #000000;\">Asombrosos Campamentos en Sos\u00faa, Puerto Plata y Los Tres Brazos, Santo Domingo.<\/span><\/p>\n<p><span style=\"color: #000000;\">Durante el mes de agosto, realizamos 2 Campamentos presenciales.\u00a0 Se ense\u00f1aron los temas de\u00a0 \u00bfQui\u00e9n Soy?, Ahorro Infantil, Gastos, Mis Metas y la Palabra de Dios!!<\/span><\/p>\n<p><span style=\"color: #000000;\">Fueron unas gratas semanas donde se dieron cita cada d\u00eda, de lunes a viernes.\u00a0 Con gozo y entusiasmo se capacitaron a 251 ni\u00f1os y adolescentes.<\/span><\/p>\n<p><img decoding=\"async\" loading=\"lazy\" class=\"alignnone size-medium wp-image-5324\" src=\"https:\/\/aspire.org.do\/wp-content\/uploads\/2022\/09\/FOTO-1-CAMPAMENTO-300x225.jpg\" alt=\"\" width=\"300\" height=\"225\" srcset=\"https:\/\/aspire.org.do\/wp-content\/uploads\/2022\/09\/FOTO-1-CAMPAMENTO-300x225.jpg 300w, https:\/\/aspire.org.do\/wp-content\/uploads\/2022\/09\/FOTO-1-CAMPAMENTO-1024x768.jpg 1024w, https:\/\/aspire.org.do\/wp-content\/uploads\/2022\/09\/FOTO-1-CAMPAMENTO-768x576.jpg 768w, https:\/\/aspire.org.do\/wp-content\/uploads\/2022\/09\/FOTO-1-CAMPAMENTO-1536x1152.jpg 1536w, https:\/\/aspire.org.do\/wp-content\/uploads\/2022\/09\/FOTO-1-CAMPAMENTO.jpg 1600w\" sizes=\"(max-width: 300px) 100vw, 300px\" \/>\u00a0 <img decoding=\"async\" loading=\"lazy\" class=\"alignnone size-medium wp-image-5326\" src=\"https:\/\/aspire.org.do\/wp-content\/uploads\/2022\/09\/FOTO-3-CAMPAMENTO-300x225.jpg\" alt=\"\" width=\"300\" height=\"225\" srcset=\"https:\/\/aspire.org.do\/wp-content\/uploads\/2022\/09\/FOTO-3-CAMPAMENTO-300x225.jpg 300w, https:\/\/aspire.org.do\/wp-content\/uploads\/2022\/09\/FOTO-3-CAMPAMENTO-1024x768.jpg 1024w, https:\/\/aspire.org.do\/wp-content\/uploads\/2022\/09\/FOTO-3-CAMPAMENTO-768x576.jpg 768w, https:\/\/aspire.org.do\/wp-content\/uploads\/2022\/09\/FOTO-3-CAMPAMENTO.jpg 1280w\" sizes=\"(max-width: 300px) 100vw, 300px\" \/> <img decoding=\"async\" loading=\"lazy\" class=\"alignnone wp-image-5327\" src=\"https:\/\/aspire.org.do\/wp-content\/uploads\/2022\/09\/FOTO-4-CAMPAMENTO-300x204.png\" alt=\"\" width=\"332\" height=\"226\" srcset=\"https:\/\/aspire.org.do\/wp-content\/uploads\/2022\/09\/FOTO-4-CAMPAMENTO-300x204.png 300w, https:\/\/aspire.org.do\/wp-content\/uploads\/2022\/09\/FOTO-4-CAMPAMENTO.png 461w\" sizes=\"(max-width: 332px) 100vw, 332px\" \/> <img decoding=\"async\" loading=\"lazy\" class=\"alignnone size-medium wp-image-5328\" src=\"https:\/\/aspire.org.do\/wp-content\/uploads\/2022\/09\/FOTO-5-CAMPAMENTO-300x200.png\" alt=\"\" width=\"300\" height=\"200\" srcset=\"https:\/\/aspire.org.do\/wp-content\/uploads\/2022\/09\/FOTO-5-CAMPAMENTO-300x200.png 300w, https:\/\/aspire.org.do\/wp-content\/uploads\/2022\/09\/FOTO-5-CAMPAMENTO.png 464w\" sizes=\"(max-width: 300px) 100vw, 300px\" \/><img decoding=\"async\" loading=\"lazy\" class=\"alignnone wp-image-5325\" src=\"https:\/\/aspire.org.do\/wp-content\/uploads\/2022\/09\/FOTO-2-CAMPAMENTO-300x142.jpg\" alt=\"\" width=\"425\" height=\"201\" srcset=\"https:\/\/aspire.org.do\/wp-content\/uploads\/2022\/09\/FOTO-2-CAMPAMENTO-300x142.jpg 300w, https:\/\/aspire.org.do\/wp-content\/uploads\/2022\/09\/FOTO-2-CAMPAMENTO-1024x484.jpg 1024w, https:\/\/aspire.org.do\/wp-content\/uploads\/2022\/09\/FOTO-2-CAMPAMENTO-768x363.jpg 768w, https:\/\/aspire.org.do\/wp-content\/uploads\/2022\/09\/FOTO-2-CAMPAMENTO-1536x726.jpg 1536w, https:\/\/aspire.org.do\/wp-content\/uploads\/2022\/09\/FOTO-2-CAMPAMENTO.jpg 1600w\" sizes=\"(max-width: 425px) 100vw, 425px\" \/><\/p>\n<p>&nbsp;<\/p>\n<h6>&#8211; &#8211; &#8211; &#8211; &#8211; &#8211; &#8211; &#8211; &#8211; &#8211; &#8211; &#8211; &#8211; &#8211; &#8211; &#8211; &#8211; &#8211; &#8211; &#8211; &#8211; &#8211; &#8211; &#8211; &#8211; &#8211; &#8211; &#8211; &#8211; &#8211; &#8211; &#8211; &#8211; &#8211; &#8211; &#8211; &#8211; &#8211; &#8211; &#8211; &#8211; &#8211; &#8211; &#8211; &#8211; &#8211;<\/h6>\n<p><span style=\"color: #000080;\"><strong>CONVENIOS IMPORTANTES<\/strong><\/span><\/p>\n<p>Santo Domingo, RD<\/p>\n<p>Agosto\/2022<\/p>\n<div class=\"x_elementToProof\"><span style=\"color: #000000;\"><strong>ASPIRE firma convenios con Organizaciones Comunitarias.\u00a0 Es nuestro prop\u00f3sito incidir en la mejora de la calidad de vida de las mujeres dominicanas.<\/strong><\/span><\/div>\n<div><span style=\"color: #000000;\">Organizaciones Comunitarias:<\/span><\/div>\n<div class=\"x_elementToProof\">\n<div class=\"x_elementToProof\">\n<ol>\n<li><span style=\"color: #000000;\">Fundaci\u00f3n Jos\u00e9 Ram\u00edrez, San Luis<\/span><\/li>\n<li><span style=\"color: #000000;\">Fundaci\u00f3n Jos\u00e9 Francisco Lorenzo de la Rosa<\/span><\/li>\n<li><span style=\"color: #000000;\">Servicio Social de Iglesia Dominicana Regional Sabana Grande de Boy\u00e1<\/span><\/li>\n<li><span style=\"color: #000000;\">Asociaci\u00f3n Dominicana para el Desarrollo de las Comunidades Ca\u00f1eras (AGROVERDE)<\/span><\/li>\n<li><span style=\"color: #000000;\">Mujeres Emprendedoras de los Guineos<\/span><\/li>\n<li><span style=\"color: #000000;\">Mujeres de las Comunidades Ca\u00f1eras<\/span><\/li>\n<\/ol>\n<\/div>\n<\/div>\n<p><img decoding=\"async\" loading=\"lazy\" class=\"alignnone size-medium wp-image-5313\" src=\"https:\/\/aspire.org.do\/wp-content\/uploads\/2022\/09\/299297539_1258228211586230_1103492566095313049_n-300x202.jpg\" alt=\"\" width=\"300\" height=\"202\" srcset=\"https:\/\/aspire.org.do\/wp-content\/uploads\/2022\/09\/299297539_1258228211586230_1103492566095313049_n-300x202.jpg 300w, https:\/\/aspire.org.do\/wp-content\/uploads\/2022\/09\/299297539_1258228211586230_1103492566095313049_n-1024x689.jpg 1024w, https:\/\/aspire.org.do\/wp-content\/uploads\/2022\/09\/299297539_1258228211586230_1103492566095313049_n-768x517.jpg 768w, https:\/\/aspire.org.do\/wp-content\/uploads\/2022\/09\/299297539_1258228211586230_1103492566095313049_n-1536x1034.jpg 1536w, https:\/\/aspire.org.do\/wp-content\/uploads\/2022\/09\/299297539_1258228211586230_1103492566095313049_n.jpg 1602w\" sizes=\"(max-width: 300px) 100vw, 300px\" \/> <img decoding=\"async\" loading=\"lazy\" class=\"alignnone size-medium wp-image-5314\" src=\"https:\/\/aspire.org.do\/wp-content\/uploads\/2022\/09\/301371441_416412693890017_3331986346048413464_n-300x202.jpg\" alt=\"\" width=\"300\" height=\"202\" srcset=\"https:\/\/aspire.org.do\/wp-content\/uploads\/2022\/09\/301371441_416412693890017_3331986346048413464_n-300x202.jpg 300w, https:\/\/aspire.org.do\/wp-content\/uploads\/2022\/09\/301371441_416412693890017_3331986346048413464_n-1024x691.jpg 1024w, https:\/\/aspire.org.do\/wp-content\/uploads\/2022\/09\/301371441_416412693890017_3331986346048413464_n-768x518.jpg 768w, https:\/\/aspire.org.do\/wp-content\/uploads\/2022\/09\/301371441_416412693890017_3331986346048413464_n-1536x1036.jpg 1536w, https:\/\/aspire.org.do\/wp-content\/uploads\/2022\/09\/301371441_416412693890017_3331986346048413464_n.jpg 1606w\" sizes=\"(max-width: 300px) 100vw, 300px\" \/> <img decoding=\"async\" loading=\"lazy\" class=\"alignnone size-medium wp-image-5315\" src=\"https:\/\/aspire.org.do\/wp-content\/uploads\/2022\/09\/301421592_428776262563597_5391198571405434776_n-300x205.jpg\" alt=\"\" width=\"300\" height=\"205\" srcset=\"https:\/\/aspire.org.do\/wp-content\/uploads\/2022\/09\/301421592_428776262563597_5391198571405434776_n-300x205.jpg 300w, https:\/\/aspire.org.do\/wp-content\/uploads\/2022\/09\/301421592_428776262563597_5391198571405434776_n-1024x698.jpg 1024w, https:\/\/aspire.org.do\/wp-content\/uploads\/2022\/09\/301421592_428776262563597_5391198571405434776_n-768x524.jpg 768w, https:\/\/aspire.org.do\/wp-content\/uploads\/2022\/09\/301421592_428776262563597_5391198571405434776_n-1536x1047.jpg 1536w, https:\/\/aspire.org.do\/wp-content\/uploads\/2022\/09\/301421592_428776262563597_5391198571405434776_n.jpg 1591w\" sizes=\"(max-width: 300px) 100vw, 300px\" \/> <img decoding=\"async\" loading=\"lazy\" class=\"alignnone size-medium wp-image-5316\" src=\"https:\/\/aspire.org.do\/wp-content\/uploads\/2022\/09\/301480770_440296861456080_256320147924595444_n-300x205.jpg\" alt=\"\" width=\"300\" height=\"205\" srcset=\"https:\/\/aspire.org.do\/wp-content\/uploads\/2022\/09\/301480770_440296861456080_256320147924595444_n-300x205.jpg 300w, https:\/\/aspire.org.do\/wp-content\/uploads\/2022\/09\/301480770_440296861456080_256320147924595444_n-1024x698.jpg 1024w, https:\/\/aspire.org.do\/wp-content\/uploads\/2022\/09\/301480770_440296861456080_256320147924595444_n-768x524.jpg 768w, https:\/\/aspire.org.do\/wp-content\/uploads\/2022\/09\/301480770_440296861456080_256320147924595444_n-1536x1047.jpg 1536w, https:\/\/aspire.org.do\/wp-content\/uploads\/2022\/09\/301480770_440296861456080_256320147924595444_n.jpg 1581w\" sizes=\"(max-width: 300px) 100vw, 300px\" \/> <img decoding=\"async\" loading=\"lazy\" class=\"alignnone size-medium wp-image-5317\" src=\"https:\/\/aspire.org.do\/wp-content\/uploads\/2022\/09\/301794285_746542446644557_4891196140120911354_n-300x203.jpg\" alt=\"\" width=\"300\" height=\"203\" srcset=\"https:\/\/aspire.org.do\/wp-content\/uploads\/2022\/09\/301794285_746542446644557_4891196140120911354_n-300x203.jpg 300w, https:\/\/aspire.org.do\/wp-content\/uploads\/2022\/09\/301794285_746542446644557_4891196140120911354_n-1024x693.jpg 1024w, https:\/\/aspire.org.do\/wp-content\/uploads\/2022\/09\/301794285_746542446644557_4891196140120911354_n-768x520.jpg 768w, https:\/\/aspire.org.do\/wp-content\/uploads\/2022\/09\/301794285_746542446644557_4891196140120911354_n-1536x1040.jpg 1536w, https:\/\/aspire.org.do\/wp-content\/uploads\/2022\/09\/301794285_746542446644557_4891196140120911354_n.jpg 1597w\" sizes=\"(max-width: 300px) 100vw, 300px\" \/> <img decoding=\"async\" loading=\"lazy\" class=\"alignnone size-medium wp-image-5318\" src=\"https:\/\/aspire.org.do\/wp-content\/uploads\/2022\/09\/301814632_1122764505319352_8717330051714253687_n-300x201.jpg\" alt=\"\" width=\"300\" height=\"201\" srcset=\"https:\/\/aspire.org.do\/wp-content\/uploads\/2022\/09\/301814632_1122764505319352_8717330051714253687_n-300x201.jpg 300w, https:\/\/aspire.org.do\/wp-content\/uploads\/2022\/09\/301814632_1122764505319352_8717330051714253687_n-1024x686.jpg 1024w, https:\/\/aspire.org.do\/wp-content\/uploads\/2022\/09\/301814632_1122764505319352_8717330051714253687_n-768x514.jpg 768w, https:\/\/aspire.org.do\/wp-content\/uploads\/2022\/09\/301814632_1122764505319352_8717330051714253687_n-1536x1028.jpg 1536w, https:\/\/aspire.org.do\/wp-content\/uploads\/2022\/09\/301814632_1122764505319352_8717330051714253687_n.jpg 1616w\" sizes=\"(max-width: 300px) 100vw, 300px\" \/> <img decoding=\"async\" loading=\"lazy\" class=\"alignnone size-medium wp-image-5319\" src=\"https:\/\/aspire.org.do\/wp-content\/uploads\/2022\/09\/CONVENIOS-300x173.png\" alt=\"\" width=\"300\" height=\"173\" srcset=\"https:\/\/aspire.org.do\/wp-content\/uploads\/2022\/09\/CONVENIOS-300x173.png 300w, https:\/\/aspire.org.do\/wp-content\/uploads\/2022\/09\/CONVENIOS-1024x591.png 1024w, https:\/\/aspire.org.do\/wp-content\/uploads\/2022\/09\/CONVENIOS-768x443.png 768w, https:\/\/aspire.org.do\/wp-content\/uploads\/2022\/09\/CONVENIOS-1536x887.png 1536w, https:\/\/aspire.org.do\/wp-content\/uploads\/2022\/09\/CONVENIOS.png 1594w\" sizes=\"(max-width: 300px) 100vw, 300px\" \/><\/p>\n<h6>&#8211; &#8211; &#8211; &#8211; &#8211; &#8211; &#8211; &#8211; &#8211; &#8211; &#8211; &#8211; &#8211; &#8211; &#8211; &#8211; &#8211; &#8211; &#8211; &#8211; &#8211; &#8211; &#8211; &#8211; &#8211; &#8211; &#8211; &#8211; &#8211; &#8211; &#8211; &#8211; &#8211; &#8211; &#8211; &#8211; &#8211; &#8211; &#8211; &#8211; &#8211; &#8211; &#8211; &#8211; &#8211; &#8211;<\/h6>\n<p><span style=\"color: #000080;\"><strong>HUERTOS\u00a0 CASEROS<\/strong><\/span><\/p>\n<p>Santo Domingo, RD<\/p>\n<p>Agosto\/2022<\/p>\n<p><span style=\"color: #000000;\"><strong>Exitosos Talleres en Huerto Land, sobre c\u00f3mo aprovechar los espacios en casa para huertos caseros, que beneficien a las familias dominicanas.<\/strong><\/span><\/p>\n<p><img decoding=\"async\" loading=\"lazy\" class=\"alignnone size-medium wp-image-5298\" src=\"https:\/\/aspire.org.do\/wp-content\/uploads\/2022\/09\/301787779_377540717915410_3901993973990163661_n1-300x225.jpg\" alt=\"\" width=\"300\" height=\"225\" srcset=\"https:\/\/aspire.org.do\/wp-content\/uploads\/2022\/09\/301787779_377540717915410_3901993973990163661_n1-300x225.jpg 300w, https:\/\/aspire.org.do\/wp-content\/uploads\/2022\/09\/301787779_377540717915410_3901993973990163661_n1-1024x768.jpg 1024w, https:\/\/aspire.org.do\/wp-content\/uploads\/2022\/09\/301787779_377540717915410_3901993973990163661_n1-768x576.jpg 768w, https:\/\/aspire.org.do\/wp-content\/uploads\/2022\/09\/301787779_377540717915410_3901993973990163661_n1-1536x1152.jpg 1536w, https:\/\/aspire.org.do\/wp-content\/uploads\/2022\/09\/301787779_377540717915410_3901993973990163661_n1.jpg 1600w\" sizes=\"(max-width: 300px) 100vw, 300px\" \/> <img decoding=\"async\" loading=\"lazy\" class=\"alignnone size-medium wp-image-5299\" src=\"https:\/\/aspire.org.do\/wp-content\/uploads\/2022\/09\/302435617_462106722495645_834213031767895924_n1-300x225.jpg\" alt=\"\" width=\"300\" height=\"225\" srcset=\"https:\/\/aspire.org.do\/wp-content\/uploads\/2022\/09\/302435617_462106722495645_834213031767895924_n1-300x225.jpg 300w, https:\/\/aspire.org.do\/wp-content\/uploads\/2022\/09\/302435617_462106722495645_834213031767895924_n1-1024x768.jpg 1024w, https:\/\/aspire.org.do\/wp-content\/uploads\/2022\/09\/302435617_462106722495645_834213031767895924_n1-768x576.jpg 768w, https:\/\/aspire.org.do\/wp-content\/uploads\/2022\/09\/302435617_462106722495645_834213031767895924_n1.jpg 1280w\" sizes=\"(max-width: 300px) 100vw, 300px\" \/> <img decoding=\"async\" loading=\"lazy\" class=\"alignnone size-medium wp-image-5300\" src=\"https:\/\/aspire.org.do\/wp-content\/uploads\/2022\/09\/302052486_601990634736039_1432557764057877266_n1-300x225.jpg\" alt=\"\" width=\"300\" height=\"225\" srcset=\"https:\/\/aspire.org.do\/wp-content\/uploads\/2022\/09\/302052486_601990634736039_1432557764057877266_n1-300x225.jpg 300w, https:\/\/aspire.org.do\/wp-content\/uploads\/2022\/09\/302052486_601990634736039_1432557764057877266_n1-1024x768.jpg 1024w, https:\/\/aspire.org.do\/wp-content\/uploads\/2022\/09\/302052486_601990634736039_1432557764057877266_n1-768x576.jpg 768w, https:\/\/aspire.org.do\/wp-content\/uploads\/2022\/09\/302052486_601990634736039_1432557764057877266_n1.jpg 1280w\" sizes=\"(max-width: 300px) 100vw, 300px\" \/> <img decoding=\"async\" loading=\"lazy\" class=\"alignnone size-medium wp-image-5301\" src=\"https:\/\/aspire.org.do\/wp-content\/uploads\/2022\/09\/301974923_1466984337149924_4612096237640614155_n-300x225.jpg\" alt=\"\" width=\"300\" height=\"225\" srcset=\"https:\/\/aspire.org.do\/wp-content\/uploads\/2022\/09\/301974923_1466984337149924_4612096237640614155_n-300x225.jpg 300w, https:\/\/aspire.org.do\/wp-content\/uploads\/2022\/09\/301974923_1466984337149924_4612096237640614155_n-1024x768.jpg 1024w, https:\/\/aspire.org.do\/wp-content\/uploads\/2022\/09\/301974923_1466984337149924_4612096237640614155_n-768x576.jpg 768w, https:\/\/aspire.org.do\/wp-content\/uploads\/2022\/09\/301974923_1466984337149924_4612096237640614155_n-1536x1152.jpg 1536w, https:\/\/aspire.org.do\/wp-content\/uploads\/2022\/09\/301974923_1466984337149924_4612096237640614155_n.jpg 1600w\" sizes=\"(max-width: 300px) 100vw, 300px\" \/> <img decoding=\"async\" loading=\"lazy\" class=\"alignnone size-medium wp-image-5302\" src=\"https:\/\/aspire.org.do\/wp-content\/uploads\/2022\/09\/303255344_637022141063852_32485681631827621_n-300x225.jpg\" alt=\"\" width=\"300\" height=\"225\" srcset=\"https:\/\/aspire.org.do\/wp-content\/uploads\/2022\/09\/303255344_637022141063852_32485681631827621_n-300x225.jpg 300w, https:\/\/aspire.org.do\/wp-content\/uploads\/2022\/09\/303255344_637022141063852_32485681631827621_n-1024x768.jpg 1024w, https:\/\/aspire.org.do\/wp-content\/uploads\/2022\/09\/303255344_637022141063852_32485681631827621_n-768x576.jpg 768w, https:\/\/aspire.org.do\/wp-content\/uploads\/2022\/09\/303255344_637022141063852_32485681631827621_n-1536x1152.jpg 1536w, https:\/\/aspire.org.do\/wp-content\/uploads\/2022\/09\/303255344_637022141063852_32485681631827621_n.jpg 1600w\" sizes=\"(max-width: 300px) 100vw, 300px\" \/> <img decoding=\"async\" loading=\"lazy\" class=\"alignnone size-medium wp-image-5303\" src=\"https:\/\/aspire.org.do\/wp-content\/uploads\/2022\/09\/302454514_5019075528198489_1821980172161769148_n-300x225.jpg\" alt=\"\" width=\"300\" height=\"225\" srcset=\"https:\/\/aspire.org.do\/wp-content\/uploads\/2022\/09\/302454514_5019075528198489_1821980172161769148_n-300x225.jpg 300w, https:\/\/aspire.org.do\/wp-content\/uploads\/2022\/09\/302454514_5019075528198489_1821980172161769148_n-1024x768.jpg 1024w, https:\/\/aspire.org.do\/wp-content\/uploads\/2022\/09\/302454514_5019075528198489_1821980172161769148_n-768x576.jpg 768w, https:\/\/aspire.org.do\/wp-content\/uploads\/2022\/09\/302454514_5019075528198489_1821980172161769148_n-1536x1152.jpg 1536w, https:\/\/aspire.org.do\/wp-content\/uploads\/2022\/09\/302454514_5019075528198489_1821980172161769148_n.jpg 1600w\" sizes=\"(max-width: 300px) 100vw, 300px\" \/> <img decoding=\"async\" loading=\"lazy\" class=\"alignnone size-medium wp-image-5304\" src=\"https:\/\/aspire.org.do\/wp-content\/uploads\/2022\/09\/302052486_601990634736039_1432557764057877266_n-300x225.jpg\" alt=\"\" width=\"300\" height=\"225\" srcset=\"https:\/\/aspire.org.do\/wp-content\/uploads\/2022\/09\/302052486_601990634736039_1432557764057877266_n-300x225.jpg 300w, https:\/\/aspire.org.do\/wp-content\/uploads\/2022\/09\/302052486_601990634736039_1432557764057877266_n-1024x768.jpg 1024w, https:\/\/aspire.org.do\/wp-content\/uploads\/2022\/09\/302052486_601990634736039_1432557764057877266_n-768x576.jpg 768w, https:\/\/aspire.org.do\/wp-content\/uploads\/2022\/09\/302052486_601990634736039_1432557764057877266_n.jpg 1280w\" sizes=\"(max-width: 300px) 100vw, 300px\" \/> <img decoding=\"async\" loading=\"lazy\" class=\"alignnone size-medium wp-image-5305\" src=\"https:\/\/aspire.org.do\/wp-content\/uploads\/2022\/09\/302435617_462106722495645_834213031767895924_n-300x225.jpg\" alt=\"\" width=\"300\" height=\"225\" srcset=\"https:\/\/aspire.org.do\/wp-content\/uploads\/2022\/09\/302435617_462106722495645_834213031767895924_n-300x225.jpg 300w, https:\/\/aspire.org.do\/wp-content\/uploads\/2022\/09\/302435617_462106722495645_834213031767895924_n-1024x768.jpg 1024w, https:\/\/aspire.org.do\/wp-content\/uploads\/2022\/09\/302435617_462106722495645_834213031767895924_n-768x576.jpg 768w, https:\/\/aspire.org.do\/wp-content\/uploads\/2022\/09\/302435617_462106722495645_834213031767895924_n.jpg 1280w\" sizes=\"(max-width: 300px) 100vw, 300px\" \/> <img decoding=\"async\" loading=\"lazy\" class=\"alignnone size-medium wp-image-5306\" src=\"https:\/\/aspire.org.do\/wp-content\/uploads\/2022\/09\/302003847_572669307927866_1127383583790678547_n-300x225.jpg\" alt=\"\" width=\"300\" height=\"225\" srcset=\"https:\/\/aspire.org.do\/wp-content\/uploads\/2022\/09\/302003847_572669307927866_1127383583790678547_n-300x225.jpg 300w, https:\/\/aspire.org.do\/wp-content\/uploads\/2022\/09\/302003847_572669307927866_1127383583790678547_n-1024x768.jpg 1024w, https:\/\/aspire.org.do\/wp-content\/uploads\/2022\/09\/302003847_572669307927866_1127383583790678547_n-768x576.jpg 768w, https:\/\/aspire.org.do\/wp-content\/uploads\/2022\/09\/302003847_572669307927866_1127383583790678547_n-1536x1152.jpg 1536w, https:\/\/aspire.org.do\/wp-content\/uploads\/2022\/09\/302003847_572669307927866_1127383583790678547_n.jpg 1600w\" sizes=\"(max-width: 300px) 100vw, 300px\" \/><\/p>\n<h6>&#8211; &#8211; &#8211; &#8211; &#8211; &#8211; &#8211; &#8211; &#8211; &#8211; &#8211; &#8211; &#8211; &#8211; &#8211; &#8211; &#8211; &#8211; &#8211; &#8211; &#8211; &#8211; &#8211; &#8211; &#8211; &#8211; &#8211; &#8211; &#8211; &#8211; &#8211; &#8211; &#8211; &#8211; &#8211; &#8211; &#8211; &#8211; &#8211; &#8211; &#8211; &#8211; &#8211; &#8211; &#8211; &#8211;<\/h6>\n<p><strong><span style=\"color: #000080;\">BOLETIN DEL 2do. TRIMESTRE 2022<\/span><br \/>\n<\/strong><\/p>\n<p>&nbsp;<\/p>\n<p>&nbsp;<\/p>\n<p><img decoding=\"async\" loading=\"lazy\" class=\"alignnone wp-image-5381\" src=\"https:\/\/aspire.org.do\/wp-content\/uploads\/2022\/10\/BOLETIN-2do-TRIMESTRE-2022-Pagina-1_1-791x1024.jpg\" alt=\"\" width=\"809\" height=\"1047\" srcset=\"https:\/\/aspire.org.do\/wp-content\/uploads\/2022\/10\/BOLETIN-2do-TRIMESTRE-2022-Pagina-1_1-791x1024.jpg 791w, https:\/\/aspire.org.do\/wp-content\/uploads\/2022\/10\/BOLETIN-2do-TRIMESTRE-2022-Pagina-1_1-232x300.jpg 232w, https:\/\/aspire.org.do\/wp-content\/uploads\/2022\/10\/BOLETIN-2do-TRIMESTRE-2022-Pagina-1_1-768x994.jpg 768w, https:\/\/aspire.org.do\/wp-content\/uploads\/2022\/10\/BOLETIN-2do-TRIMESTRE-2022-Pagina-1_1-1187x1536.jpg 1187w, https:\/\/aspire.org.do\/wp-content\/uploads\/2022\/10\/BOLETIN-2do-TRIMESTRE-2022-Pagina-1_1-1583x2048.jpg 1583w, https:\/\/aspire.org.do\/wp-content\/uploads\/2022\/10\/BOLETIN-2do-TRIMESTRE-2022-Pagina-1_1-scaled.jpg 1978w\" sizes=\"(max-width: 809px) 100vw, 809px\" \/> <img decoding=\"async\" loading=\"lazy\" class=\"alignnone size-large wp-image-5382\" src=\"https:\/\/aspire.org.do\/wp-content\/uploads\/2022\/10\/BOLETIN-2do-TRIMESTRE-2022-Pagina-1_2-791x1024.jpg\" alt=\"\" width=\"791\" height=\"1024\" srcset=\"https:\/\/aspire.org.do\/wp-content\/uploads\/2022\/10\/BOLETIN-2do-TRIMESTRE-2022-Pagina-1_2-791x1024.jpg 791w, https:\/\/aspire.org.do\/wp-content\/uploads\/2022\/10\/BOLETIN-2do-TRIMESTRE-2022-Pagina-1_2-232x300.jpg 232w, https:\/\/aspire.org.do\/wp-content\/uploads\/2022\/10\/BOLETIN-2do-TRIMESTRE-2022-Pagina-1_2-768x994.jpg 768w, https:\/\/aspire.org.do\/wp-content\/uploads\/2022\/10\/BOLETIN-2do-TRIMESTRE-2022-Pagina-1_2-1187x1536.jpg 1187w, https:\/\/aspire.org.do\/wp-content\/uploads\/2022\/10\/BOLETIN-2do-TRIMESTRE-2022-Pagina-1_2-1583x2048.jpg 1583w, https:\/\/aspire.org.do\/wp-content\/uploads\/2022\/10\/BOLETIN-2do-TRIMESTRE-2022-Pagina-1_2-scaled.jpg 1978w\" sizes=\"(max-width: 791px) 100vw, 791px\" \/><\/p>\n<h6>&#8211; &#8211; &#8211; &#8211; &#8211; &#8211; &#8211; &#8211; &#8211; &#8211; &#8211; &#8211; &#8211; &#8211; &#8211; &#8211; &#8211; &#8211; &#8211; &#8211; &#8211; &#8211; &#8211; &#8211; &#8211; &#8211; &#8211; &#8211; &#8211; &#8211; &#8211; &#8211; &#8211; &#8211; &#8211; &#8211; &#8211; &#8211; &#8211; &#8211; &#8211; &#8211; &#8211; &#8211; &#8211; &#8211;<\/h6>\n<p><span style=\"color: #000080;\"><strong>BOLETIN DEL 1er. TRIMESTRE 2022<\/strong><\/span><\/p>\n<p><img decoding=\"async\" loading=\"lazy\" class=\"alignnone wp-image-5383\" src=\"https:\/\/aspire.org.do\/wp-content\/uploads\/2022\/10\/BOLETIN-1er-TRIMESTRE-2022-Pagina-1_1-791x1024.jpg\" alt=\"\" width=\"810\" height=\"1049\" srcset=\"https:\/\/aspire.org.do\/wp-content\/uploads\/2022\/10\/BOLETIN-1er-TRIMESTRE-2022-Pagina-1_1-791x1024.jpg 791w, https:\/\/aspire.org.do\/wp-content\/uploads\/2022\/10\/BOLETIN-1er-TRIMESTRE-2022-Pagina-1_1-232x300.jpg 232w, https:\/\/aspire.org.do\/wp-content\/uploads\/2022\/10\/BOLETIN-1er-TRIMESTRE-2022-Pagina-1_1-768x994.jpg 768w, https:\/\/aspire.org.do\/wp-content\/uploads\/2022\/10\/BOLETIN-1er-TRIMESTRE-2022-Pagina-1_1-1187x1536.jpg 1187w, https:\/\/aspire.org.do\/wp-content\/uploads\/2022\/10\/BOLETIN-1er-TRIMESTRE-2022-Pagina-1_1-1583x2048.jpg 1583w, https:\/\/aspire.org.do\/wp-content\/uploads\/2022\/10\/BOLETIN-1er-TRIMESTRE-2022-Pagina-1_1-scaled.jpg 1978w\" sizes=\"(max-width: 810px) 100vw, 810px\" \/> <img decoding=\"async\" loading=\"lazy\" class=\"alignnone size-large wp-image-5384\" src=\"https:\/\/aspire.org.do\/wp-content\/uploads\/2022\/10\/BOLETIN-1er-TRIMESTRE-2022-Pagina-1_2-791x1024.jpg\" alt=\"\" width=\"791\" height=\"1024\" srcset=\"https:\/\/aspire.org.do\/wp-content\/uploads\/2022\/10\/BOLETIN-1er-TRIMESTRE-2022-Pagina-1_2-791x1024.jpg 791w, https:\/\/aspire.org.do\/wp-content\/uploads\/2022\/10\/BOLETIN-1er-TRIMESTRE-2022-Pagina-1_2-232x300.jpg 232w, https:\/\/aspire.org.do\/wp-content\/uploads\/2022\/10\/BOLETIN-1er-TRIMESTRE-2022-Pagina-1_2-768x994.jpg 768w, https:\/\/aspire.org.do\/wp-content\/uploads\/2022\/10\/BOLETIN-1er-TRIMESTRE-2022-Pagina-1_2-1187x1536.jpg 1187w, https:\/\/aspire.org.do\/wp-content\/uploads\/2022\/10\/BOLETIN-1er-TRIMESTRE-2022-Pagina-1_2-1583x2048.jpg 1583w, https:\/\/aspire.org.do\/wp-content\/uploads\/2022\/10\/BOLETIN-1er-TRIMESTRE-2022-Pagina-1_2-scaled.jpg 1978w\" sizes=\"(max-width: 791px) 100vw, 791px\" \/><\/p>\n","protected":false},"excerpt":{"rendered":"<p>. ASPIRE PRESENTE EN GUATEMALA Marzo 2023 X Conferencia Centroamericana y del Caribe de Microfinanzas Con el lema principal sobre la Resiliencia y Reactivaci\u00f3n de las Finanzas Inclusivas ante la nueva realidad, se realiz\u00f3 el encuentro de pa\u00edses afiliados a REDCAMIF y REDIMIF, en Ciudad de Antigua, Guatemala. Durante los d\u00edas 20 al 22 de [&hellip;]<\/p>\n","protected":false},"author":2,"featured_media":0,"parent":0,"menu_order":0,"comment_status":"closed","ping_status":"closed","template":"","meta":[],"_links":{"self":[{"href":"https:\/\/aspire.org.do\/index.php?rest_route=\/wp\/v2\/pages\/5137"}],"collection":[{"href":"https:\/\/aspire.org.do\/index.php?rest_route=\/wp\/v2\/pages"}],"about":[{"href":"https:\/\/aspire.org.do\/index.php?rest_route=\/wp\/v2\/types\/page"}],"author":[{"embeddable":true,"href":"https:\/\/aspire.org.do\/index.php?rest_route=\/wp\/v2\/users\/2"}],"replies":[{"embeddable":true,"href":"https:\/\/aspire.org.do\/index.php?rest_route=%2Fwp%2Fv2%2Fcomments&post=5137"}],"version-history":[{"count":5,"href":"https:\/\/aspire.org.do\/index.php?rest_route=\/wp\/v2\/pages\/5137\/revisions"}],"predecessor-version":[{"id":5523,"href":"https:\/\/aspire.org.do\/index.php?rest_route=\/wp\/v2\/pages\/5137\/revisions\/5523"}],"wp:attachment":[{"href":"https:\/\/aspire.org.do\/index.php?rest_route=%2Fwp%2Fv2%2Fmedia&parent=5137"}],"curies":[{"name":"wp","href":"https:\/\/api.w.org\/{rel}","templated":true}]}}