{"id":4794,"date":"2019-06-20T16:38:07","date_gmt":"2019-06-20T16:38:07","guid":{"rendered":"https:\/\/aspire.org.do\/dos\/?page_id=4794"},"modified":"2022-07-31T21:51:48","modified_gmt":"2022-07-31T21:51:48","slug":"programas","status":"publish","type":"page","link":"https:\/\/aspire.org.do\/?page_id=4794","title":{"rendered":"Programas"},"content":{"rendered":"<h3><strong><br \/>1. Programa de Educaci\u00f3n Cooperativa y Financiera<\/strong><\/h3>\r\n<h3><strong><img decoding=\"async\" loading=\"lazy\" class=\"wp-image-5238  alignright\" src=\"https:\/\/aspire.org.do\/wp-content\/uploads\/2022\/07\/16.-Charla-Presencial-en-La-Romana-300x174.jpg\" alt=\"\" width=\"472\" height=\"274\" srcset=\"https:\/\/aspire.org.do\/wp-content\/uploads\/2022\/07\/16.-Charla-Presencial-en-La-Romana-300x174.jpg 300w, https:\/\/aspire.org.do\/wp-content\/uploads\/2022\/07\/16.-Charla-Presencial-en-La-Romana.jpg 451w\" sizes=\"(max-width: 472px) 100vw, 472px\" \/><\/strong><\/h3>\r\n<p>Ofrecemos Educaci\u00f3n Financiera, Integral y Cooperativa, a trav\u00e9s de capacitaciones presenciales y virtuales, al p\u00fablico en general y a los socios de Coop-ASPIRE. En el Programa de Educaci\u00f3n Cooperativa y Financiera, procuramos capacitar con excelencia a trav\u00e9s del personal calificado, material adecuado, uso de herramientas y metodolog\u00edas actuales y con un amplio cat\u00e1logo de temas para las charlas y talleres.<\/p>\r\n<p>Nuestras capacidades m\u00e1s notables, son el liderazgo, responsabilidad, honestidad y un equipo de personas que aman a Dios y le sirven. En este programa, ofrecemos una propuesta que sea clara para acceder al conocimiento sobre el funcionamiento de las finanzas personales, ya que es una de las claves para un desarrollo econ\u00f3mico sostenible.\u00a0 Con el fin de que tanto personas como empresas tengan acceso a productos financieros que les permitan satisfacer sus necesidades, nuestra propuesta de valor recalca que la educaci\u00f3n y gesti\u00f3n social y financiera, se considera uno de los pilares para propiciar la inclusi\u00f3n.<\/p>\r\n<p>Nuestro modelo de formaci\u00f3n, es un marco de referencia en los planes formativos de los socios, en los contenidos y en los m\u00e9todos. De \u00e9l se derivan las convicciones filos\u00f3ficas y pol\u00edticas que son compartidas por los socios. El cumplimiento de esta misi\u00f3n conduce a la formaci\u00f3n del perfil deseado del socio de Coop-ASPIRE, el cual porta las siguientes propiedades:<\/p>\r\n<ul>\r\n<li>Una cultura financiera que permite gestionar apropiadamente sus recursos.<\/li>\r\n<li>Consumo responsable e inteligente en funci\u00f3n a sus necesidades, recursos disponibles y oportunidades ofertadas por la Cooperativa.<\/li>\r\n<li>Capacidad para contribuir a la satisfacci\u00f3n de las necesidades b\u00e1sicas de su familia, sin recurrir a un pr\u00e9stamo, ni tener que vender ninguno de los bienes que posee.<\/li>\r\n<li>Capacidad para identificar oportunidades de negocios en los que puede invertir tiempo, energ\u00eda y recursos provenientes del aprovechamiento de su relaci\u00f3n con Coop-ASPIRE.<\/li>\r\n<li>Uso del cr\u00e9dito como un medio de desarrollo personal y familiar, en correspondencia a un plan de vida sin caer en sobreendeudamiento.<\/li>\r\n<\/ul>\r\n<p style=\"text-align: center;\"><img decoding=\"async\" loading=\"lazy\" class=\"wp-image-5237  aligncenter\" src=\"https:\/\/aspire.org.do\/wp-content\/uploads\/2022\/07\/CATALOGO-DE-CAPACITACIONES-2022-300x169.png\" alt=\"\" width=\"747\" height=\"421\" srcset=\"https:\/\/aspire.org.do\/wp-content\/uploads\/2022\/07\/CATALOGO-DE-CAPACITACIONES-2022-300x169.png 300w, https:\/\/aspire.org.do\/wp-content\/uploads\/2022\/07\/CATALOGO-DE-CAPACITACIONES-2022-1024x576.png 1024w, https:\/\/aspire.org.do\/wp-content\/uploads\/2022\/07\/CATALOGO-DE-CAPACITACIONES-2022-768x432.png 768w, https:\/\/aspire.org.do\/wp-content\/uploads\/2022\/07\/CATALOGO-DE-CAPACITACIONES-2022.png 1280w\" sizes=\"(max-width: 747px) 100vw, 747px\" \/><\/p>\r\n<p><strong>\u00a0<\/strong><\/p>\r\n<h3><strong>2. Programa Aspirando Juntas<\/strong><\/h3>\r\n<p><img decoding=\"async\" loading=\"lazy\" class=\" wp-image-5245 alignright\" src=\"https:\/\/aspire.org.do\/wp-content\/uploads\/2022\/07\/1-Aspirando-Juntas-300x146.png\" alt=\"\" width=\"193\" height=\"94\" srcset=\"https:\/\/aspire.org.do\/wp-content\/uploads\/2022\/07\/1-Aspirando-Juntas-300x146.png 300w, https:\/\/aspire.org.do\/wp-content\/uploads\/2022\/07\/1-Aspirando-Juntas.png 437w\" sizes=\"(max-width: 193px) 100vw, 193px\" \/>Alcanzar a las mujeres en situaci\u00f3n vulnerable, mujeres cabeza de hogar y que viven en situaci\u00f3n de pobreza, con el fin de capacitarlas en el aspecto emocional, equidad de g\u00e9nero, emprendimiento y educaci\u00f3n financiera, es nuestro objetivo principal en este programa.<\/p>\r\n<p>Tambi\u00e9n apoyamos sus iniciativas de negocios peque\u00f1os, acompa\u00f1ando a las mujeres para consolidar la sostenibilidad y permanencia del negocio. Fortaleciendo a trav\u00e9s de la capacitaci\u00f3n financiera, la inserci\u00f3n en el trabajo productivo, incentivando la disciplina del ahorro con el fin de mejorar sus vidas y la de sus dependientes.<\/p>\r\n<p>En este programa de propuesta social y econ\u00f3mica,\u00a0 las mujeres han recibido formaci\u00f3n en los siguientes temas:<\/p>\r\n<p><img decoding=\"async\" loading=\"lazy\" class=\" wp-image-5240 alignright\" src=\"https:\/\/aspire.org.do\/wp-content\/uploads\/2022\/07\/IMAGEN-6-WEB-300x200.png\" alt=\"\" width=\"395\" height=\"263\" srcset=\"https:\/\/aspire.org.do\/wp-content\/uploads\/2022\/07\/IMAGEN-6-WEB-300x200.png 300w, https:\/\/aspire.org.do\/wp-content\/uploads\/2022\/07\/IMAGEN-6-WEB.png 723w\" sizes=\"(max-width: 395px) 100vw, 395px\" \/><\/p>\r\n<ul>\r\n<li>Ahorro<\/li>\r\n<li>Manejo de Deudas<\/li>\r\n<li>Manejo del Presupuesto<\/li>\r\n<li>Control de Inventario<\/li>\r\n<li>Cuentas por Cobrar<\/li>\r\n<li>Emprendimiento<\/li>\r\n<li>Autoestima<\/li>\r\n<li>Gesti\u00f3n Financiera para Microempresa<\/li>\r\n<li>Transformaci\u00f3n Empresarial<\/li>\r\n<\/ul>\r\n<p>&nbsp;<\/p>\r\n<p>&nbsp;<\/p>\r\n<p><strong>\u00a0<\/strong><\/p>\r\n<p><strong>\u00a0<\/strong><\/p>\r\n<h3>\u00a0<\/h3>\r\n<h3>3. Programa Aspire Juvenil<\/h3>\r\n<p><img decoding=\"async\" loading=\"lazy\" class=\"wp-image-5246  alignright\" src=\"https:\/\/aspire.org.do\/wp-content\/uploads\/2022\/07\/1-ASPIRE-JUVENIL.jpg\" alt=\"\" width=\"193\" height=\"118\" \/>Aspire Juvenil es un Programa de Educaci\u00f3n Social y Financiera, para ni\u00f1os, adolescentes y j\u00f3venes. En los \u00faltimos a\u00f1os Aspire Juvenil se ha convertido dentro de los centros, en m\u00e1s que un programa educativo, en un espacio divertido y formativo, donde los ni\u00f1os y j\u00f3venes desarrollan habilidades creativas y emprendedoras, adem\u00e1s de adquirir una cultura de ahorro. La metodolog\u00eda AFLATOUN utilizada aborda el enfoque de educaci\u00f3n social y financiera, donde se trabaja de manera integral iniciando con temas de autoestima, derechos y deberes, responsabilidad social, trabajo en equipo, cooperativismo, proyecto de vida y proyecto de emprendimiento tanto financiero como social. En este trabajo se involucra todo el personal docente y los padres o tutores de los ni\u00f1os, ni\u00f1as y adolescentes.<\/p>\r\n<p>Implementamos herramientas \u00fatiles, actuales y efectivas para inspirar y empoderar nuestros ni\u00f1os y adolescentes. Fomentamos la importancia del ahorro, la autoestima, los derechos y deberes, el cooperativismo, el emprendimiento social y financiero.<\/p>\r\n<p>&nbsp;<\/p>\r\n<p><img decoding=\"async\" loading=\"lazy\" class=\" wp-image-5243 alignleft\" src=\"https:\/\/aspire.org.do\/wp-content\/uploads\/2022\/07\/27.-ASPIRE-JUVENIL-La-Urena-66-300x206.jpg\" alt=\"\" width=\"404\" height=\"278\" srcset=\"https:\/\/aspire.org.do\/wp-content\/uploads\/2022\/07\/27.-ASPIRE-JUVENIL-La-Urena-66-300x206.jpg 300w, https:\/\/aspire.org.do\/wp-content\/uploads\/2022\/07\/27.-ASPIRE-JUVENIL-La-Urena-66-1024x704.jpg 1024w, https:\/\/aspire.org.do\/wp-content\/uploads\/2022\/07\/27.-ASPIRE-JUVENIL-La-Urena-66-768x528.jpg 768w, https:\/\/aspire.org.do\/wp-content\/uploads\/2022\/07\/27.-ASPIRE-JUVENIL-La-Urena-66.jpg 1114w\" sizes=\"(max-width: 404px) 100vw, 404px\" \/><\/p>\r\n<p><img decoding=\"async\" loading=\"lazy\" class=\"alignnone  wp-image-5242\" src=\"https:\/\/aspire.org.do\/wp-content\/uploads\/2022\/07\/29.-ASPIRE-JUVENIL-Villa-Samaritano-300x174.jpg\" alt=\"\" width=\"498\" height=\"289\" srcset=\"https:\/\/aspire.org.do\/wp-content\/uploads\/2022\/07\/29.-ASPIRE-JUVENIL-Villa-Samaritano-300x174.jpg 300w, https:\/\/aspire.org.do\/wp-content\/uploads\/2022\/07\/29.-ASPIRE-JUVENIL-Villa-Samaritano-1024x594.jpg 1024w, https:\/\/aspire.org.do\/wp-content\/uploads\/2022\/07\/29.-ASPIRE-JUVENIL-Villa-Samaritano-768x445.jpg 768w, https:\/\/aspire.org.do\/wp-content\/uploads\/2022\/07\/29.-ASPIRE-JUVENIL-Villa-Samaritano.jpg 1202w\" sizes=\"(max-width: 498px) 100vw, 498px\" \/><\/p>\r\n<p>&nbsp;<\/p>\r\n<p>&nbsp;<\/p>\r\n<h3><strong>4. Programa Incluyendo Crecemos<\/strong><\/h3>\r\n<p>Incluyendo Crecemos, acompa\u00f1amiento a la poblaci\u00f3n que vive con alguna discapacidad para que puedan aprender todos los conceptos de finanzas, que puedan emprender su idea de negocio y ayudarlos con productos de CoopASPIRE para arrancar esos peque\u00f1os negocios.<\/p>\r\n<p>Un programa de fortalecimiento de las pr\u00e1cticas de inclusi\u00f3n educativa a ni\u00f1os que viven con discapacidad, que procura crear un espacio de capacitaci\u00f3n para brindar un servicio de calidad a esa poblaci\u00f3n invisibilizada en nuestra sociedad.\u00a0 Desarrollo del programa a trav\u00e9s de estrategias para mejorar la calidad de vida de aquellos que trabajan con la inclusi\u00f3n de personas con capacidades diferentes, padres y familiares.<\/p>\r\n<ul>\r\n<li style=\"list-style-type: none;\">\u00a0<\/li>\r\n<\/ul>\r\n<p><img decoding=\"async\" loading=\"lazy\" class=\"alignnone size-medium wp-image-5248\" src=\"https:\/\/aspire.org.do\/wp-content\/uploads\/2022\/07\/46.-EDUCACION-DE-CALIDAD-Foto-9-244x300.png\" alt=\"\" width=\"244\" height=\"300\" srcset=\"https:\/\/aspire.org.do\/wp-content\/uploads\/2022\/07\/46.-EDUCACION-DE-CALIDAD-Foto-9-244x300.png 244w, https:\/\/aspire.org.do\/wp-content\/uploads\/2022\/07\/46.-EDUCACION-DE-CALIDAD-Foto-9.png 371w\" sizes=\"(max-width: 244px) 100vw, 244px\" \/><img decoding=\"async\" loading=\"lazy\" class=\"alignnone  wp-image-5250\" src=\"https:\/\/aspire.org.do\/wp-content\/uploads\/2022\/07\/33.-INCLUYENDO-CRECEMOS-Foto-2-300x201.png\" alt=\"\" width=\"432\" height=\"289\" srcset=\"https:\/\/aspire.org.do\/wp-content\/uploads\/2022\/07\/33.-INCLUYENDO-CRECEMOS-Foto-2-300x201.png 300w, https:\/\/aspire.org.do\/wp-content\/uploads\/2022\/07\/33.-INCLUYENDO-CRECEMOS-Foto-2-768x516.png 768w, https:\/\/aspire.org.do\/wp-content\/uploads\/2022\/07\/33.-INCLUYENDO-CRECEMOS-Foto-2.png 770w\" sizes=\"(max-width: 432px) 100vw, 432px\" \/><img decoding=\"async\" loading=\"lazy\" class=\"size-medium wp-image-5249 alignright\" src=\"https:\/\/aspire.org.do\/wp-content\/uploads\/2022\/07\/34.-INCLUYENDO-CRECEMOS-Foto-3-294x300.png\" alt=\"\" width=\"294\" height=\"300\" srcset=\"https:\/\/aspire.org.do\/wp-content\/uploads\/2022\/07\/34.-INCLUYENDO-CRECEMOS-Foto-3-294x300.png 294w, https:\/\/aspire.org.do\/wp-content\/uploads\/2022\/07\/34.-INCLUYENDO-CRECEMOS-Foto-3-768x785.png 768w, https:\/\/aspire.org.do\/wp-content\/uploads\/2022\/07\/34.-INCLUYENDO-CRECEMOS-Foto-3.png 782w\" sizes=\"(max-width: 294px) 100vw, 294px\" \/><\/p>\r\n<p>&nbsp;<\/p>\r\n<p><strong>\u00a0<\/strong><\/p>\r\n<p>&nbsp;<\/p>\r\n<p>&nbsp;<\/p>\r\n<p>&nbsp;<\/p>\r\n<p>&nbsp;<\/p>\r\n<p>&nbsp;<\/p>\r\n<h3><strong>5. Programa Educaci\u00f3n de Calidad<\/strong><\/h3>\r\n<p><img decoding=\"async\" loading=\"lazy\" class=\" wp-image-5251 alignright\" src=\"https:\/\/aspire.org.do\/wp-content\/uploads\/2022\/07\/40.-EDUCACION-DE-CALIDAD-Foto-3-300x214.jpg\" alt=\"\" width=\"419\" height=\"299\" srcset=\"https:\/\/aspire.org.do\/wp-content\/uploads\/2022\/07\/40.-EDUCACION-DE-CALIDAD-Foto-3-300x214.jpg 300w, https:\/\/aspire.org.do\/wp-content\/uploads\/2022\/07\/40.-EDUCACION-DE-CALIDAD-Foto-3-768x548.jpg 768w, https:\/\/aspire.org.do\/wp-content\/uploads\/2022\/07\/40.-EDUCACION-DE-CALIDAD-Foto-3-800x570.jpg 800w, https:\/\/aspire.org.do\/wp-content\/uploads\/2022\/07\/40.-EDUCACION-DE-CALIDAD-Foto-3.jpg 981w\" sizes=\"(max-width: 419px) 100vw, 419px\" \/>Este programa beneficia a Centros Educativos que aspiran alcanzar la excelencia y brindar una docencia de calidad. Capacitamos al personal directivo, administrativo, docentes, padres, madres y tutores. Con la modalidad presencial y virtual, ofrecemos:<\/p>\r\n<ul>\r\n<li>Acompa\u00f1amiento a los Centros de Nivel Inicial, mediante formaci\u00f3n sobre Los Derechos de los Ni\u00f1os, Nutrici\u00f3n, Higiene Personal, Seguridad y Protecci\u00f3n, Perfil y Etica del Educador.<\/li>\r\n<li>Acompa\u00f1amiento a las Familias de los Colegios pertenecientes al Programa Educaci\u00f3n de Calidad, bajo el tema de Crianza con Ternura.<\/li>\r\n<li>Taller de Liderazgo Educativo, dirigido a Directores y Docentes de los Colegios.<\/li>\r\n<\/ul>\r\n<p><strong>\u00a0\u00a0\u00a0\u00a0\u00a0\u00a0\u00a0\u00a0\u00a0\u00a0\u00a0\u00a0\u00a0\u00a0\u00a0\u00a0\u00a0\u00a0\u00a0\u00a0\u00a0\u00a0\u00a0\u00a0\u00a0\u00a0\u00a0\u00a0\u00a0\u00a0\u00a0\u00a0\u00a0\u00a0\u00a0\u00a0\u00a0\u00a0\u00a0\u00a0\u00a0\u00a0\u00a0\u00a0\u00a0\u00a0\u00a0\u00a0\u00a0\u00a0\u00a0\u00a0\u00a0\u00a0\u00a0\u00a0\u00a0\u00a0\u00a0\u00a0\u00a0\u00a0\u00a0\u00a0\u00a0\u00a0\u00a0\u00a0\u00a0\u00a0\u00a0\u00a0\u00a0\u00a0\u00a0\u00a0\u00a0\u00a0\u00a0\u00a0\u00a0\u00a0\u00a0\u00a0\u00a0\u00a0\u00a0\u00a0\u00a0\u00a0\u00a0\u00a0\u00a0\u00a0\u00a0\u00a0\u00a0\u00a0\u00a0\u00a0\u00a0\u00a0\u00a0\u00a0\u00a0\u00a0\u00a0\u00a0\u00a0\u00a0\u00a0\u00a0\u00a0\u00a0\u00a0\u00a0\u00a0\u00a0\u00a0\u00a0\u00a0\u00a0\u00a0\u00a0\u00a0\u00a0\u00a0\u00a0\u00a0\u00a0\u00a0\u00a0\u00a0\u00a0\u00a0\u00a0 <\/strong><\/p>\r\n<p><strong>Los servicios que ofrecemos, son: <img decoding=\"async\" loading=\"lazy\" class=\"wp-image-5252 alignleft\" src=\"https:\/\/aspire.org.do\/wp-content\/uploads\/2022\/07\/39.-EDUCACION-DE-CALIDAD-Foto-2-300x242.jpg\" alt=\"\" width=\"384\" height=\"310\" srcset=\"https:\/\/aspire.org.do\/wp-content\/uploads\/2022\/07\/39.-EDUCACION-DE-CALIDAD-Foto-2-300x242.jpg 300w, https:\/\/aspire.org.do\/wp-content\/uploads\/2022\/07\/39.-EDUCACION-DE-CALIDAD-Foto-2-768x621.jpg 768w, https:\/\/aspire.org.do\/wp-content\/uploads\/2022\/07\/39.-EDUCACION-DE-CALIDAD-Foto-2.jpg 913w\" sizes=\"(max-width: 384px) 100vw, 384px\" \/><\/strong><\/p>\r\n<ol>\r\n<li>Apoyo a los Centros Educativos con pr\u00e9stamos a una tasa preferencial a trav\u00e9s de Coop-ASPIRE.<\/li>\r\n<li>Apoyo al Centro Educativo a trav\u00e9s de la provisi\u00f3n de recursos y materiales educativos que favorezcan la inclusi\u00f3n educativa.<\/li>\r\n<li>Apoyo a los Centros Educativos por medio de capacitaciones.<\/li>\r\n<li>Apoyo a las familias que tienen ni\u00f1os y ni\u00f1as en situaci\u00f3n de discapacidad, con una beca parcial para el pago de la colegiatura del ni\u00f1o o ni\u00f1a, en apoyo al logro de la inclusi\u00f3n.<\/li>\r\n<li>Acompa\u00f1amiento a los Centros Educativos en el proceso de evaluaci\u00f3n de su gesti\u00f3n, capacitaci\u00f3n y orientaci\u00f3n para el logro de sus metas. El acompa\u00f1amiento se realiza en peque\u00f1os grupos de colegios que comparten desaf\u00edos comunes, desarrollan soluciones, generan nuevas y mejores pr\u00e1cticas.<\/li>\r\n<\/ol>\r\n<p>&nbsp;<\/p>\r\n<p>&nbsp;<\/p>\r\n<p>&nbsp;<\/p>\r\n<h3><strong>6. Programa\u00a0 Testimonio Integral<br \/><\/strong><\/h3>\r\n<p><img decoding=\"async\" loading=\"lazy\" class=\" wp-image-5253 alignright\" src=\"https:\/\/aspire.org.do\/wp-content\/uploads\/2022\/07\/53.-TESTIMONIO-INTEGRAL-Imagen-7-300x175.jpg\" alt=\"\" width=\"432\" height=\"252\" srcset=\"https:\/\/aspire.org.do\/wp-content\/uploads\/2022\/07\/53.-TESTIMONIO-INTEGRAL-Imagen-7-300x175.jpg 300w, https:\/\/aspire.org.do\/wp-content\/uploads\/2022\/07\/53.-TESTIMONIO-INTEGRAL-Imagen-7-768x449.jpg 768w, https:\/\/aspire.org.do\/wp-content\/uploads\/2022\/07\/53.-TESTIMONIO-INTEGRAL-Imagen-7.jpg 843w\" sizes=\"(max-width: 432px) 100vw, 432px\" \/>El Programa Testimonio Integral desarrolla diversas metodolog\u00edas orientadas a contribuir en la formaci\u00f3n y capacitaci\u00f3n del liderazgo de las iglesias evang\u00e9licas en el pa\u00eds, las cuales han sido nuestros mayores aliados y socios para el impulso y crecimiento de nuestra instituci\u00f3n Coop-ASPIRE, as\u00ed como beneficiar a todo el p\u00fablico en general, los cuales hemos podido alcanzar a trav\u00e9s de las siguientes metodolog\u00edas:<\/p>\r\n<ul>\r\n<li>Diplomados de Gesti\u00f3n Pastoral,\u00a0 Pastoral Infantil y Juvenil, Pastoral Administrativa<\/li>\r\n<li>Seminarios sobre Lavado de Activos, Iglesias Transparentes<\/li>\r\n<li>Talleres sobre Iglesia y Discapacidad,\u00a0 Iglesia y Medio Ambiente, Crianza con Ternura<\/li>\r\n<li>Charlas sobre Principios B\u00edblicos de la Administraci\u00f3n del Dinero, Mayordom\u00eda Cristiana y Educaci\u00f3n Financiera<\/li>\r\n<li>Metodolog\u00eda PDP &#8211; Pastoreo De Pastores \u201cAprendiendo a vivir una vida pastoral acompa\u00f1ada\u201d.<\/li>\r\n<\/ul>\r\n<p><img decoding=\"async\" loading=\"lazy\" class=\"wp-image-5089 aligncenter\" src=\"https:\/\/aspire.org.do\/wp-content\/uploads\/2019\/07\/capacitaciones-300x86.jpg\" alt=\"\" width=\"684\" height=\"196\" srcset=\"https:\/\/aspire.org.do\/wp-content\/uploads\/2019\/07\/capacitaciones-300x86.jpg 300w, https:\/\/aspire.org.do\/wp-content\/uploads\/2019\/07\/capacitaciones-768x220.jpg 768w, https:\/\/aspire.org.do\/wp-content\/uploads\/2019\/07\/capacitaciones.jpg 956w\" sizes=\"(max-width: 684px) 100vw, 684px\" \/><\/p>\r\n<p>&nbsp;<\/p>\r\n<p>&nbsp;<\/p>\r\n\r\n\r\n","protected":false},"excerpt":{"rendered":"<p>1. Programa de Educaci\u00f3n Cooperativa y Financiera Ofrecemos Educaci\u00f3n Financiera, Integral y Cooperativa, a trav\u00e9s de capacitaciones presenciales y virtuales, al p\u00fablico en general y a los socios de Coop-ASPIRE. En el Programa de Educaci\u00f3n Cooperativa y Financiera, procuramos capacitar con excelencia a trav\u00e9s del personal calificado, material adecuado, uso de herramientas y metodolog\u00edas actuales [&hellip;]<\/p>\n","protected":false},"author":2,"featured_media":0,"parent":0,"menu_order":0,"comment_status":"closed","ping_status":"closed","template":"","meta":[],"_links":{"self":[{"href":"https:\/\/aspire.org.do\/index.php?rest_route=\/wp\/v2\/pages\/4794"}],"collection":[{"href":"https:\/\/aspire.org.do\/index.php?rest_route=\/wp\/v2\/pages"}],"about":[{"href":"https:\/\/aspire.org.do\/index.php?rest_route=\/wp\/v2\/types\/page"}],"author":[{"embeddable":true,"href":"https:\/\/aspire.org.do\/index.php?rest_route=\/wp\/v2\/users\/2"}],"replies":[{"embeddable":true,"href":"https:\/\/aspire.org.do\/index.php?rest_route=%2Fwp%2Fv2%2Fcomments&post=4794"}],"version-history":[{"count":6,"href":"https:\/\/aspire.org.do\/index.php?rest_route=\/wp\/v2\/pages\/4794\/revisions"}],"predecessor-version":[{"id":5291,"href":"https:\/\/aspire.org.do\/index.php?rest_route=\/wp\/v2\/pages\/4794\/revisions\/5291"}],"wp:attachment":[{"href":"https:\/\/aspire.org.do\/index.php?rest_route=%2Fwp%2Fv2%2Fmedia&parent=4794"}],"curies":[{"name":"wp","href":"https:\/\/api.w.org\/{rel}","templated":true}]}}